{"id":881,"date":"2024-04-06T04:24:26","date_gmt":"2024-04-06T07:24:26","guid":{"rendered":"https:\/\/sbsc.sbc.org.br\/2024\/?page_id=881"},"modified":"2024-05-01T12:18:18","modified_gmt":"2024-05-01T15:18:18","slug":"artigos-aceitos","status":"publish","type":"page","link":"https:\/\/sbsc.sbc.org.br\/2024\/artigos-aceitos\/","title":{"rendered":"Artigos Aceitos"},"content":{"rendered":"\t\t<div data-elementor-type=\"wp-page\" data-elementor-id=\"881\" class=\"elementor elementor-881\">\n\t\t\t\t\t\t<section class=\"elementor-section elementor-top-section elementor-element elementor-element-1c8898c elementor-section-height-min-height elementor-section-boxed elementor-section-height-default elementor-section-items-middle\" data-id=\"1c8898c\" data-element_type=\"section\" data-e-type=\"section\" data-settings=\"{&quot;background_background&quot;:&quot;classic&quot;,&quot;shape_divider_top&quot;:&quot;mountains&quot;,&quot;shape_divider_bottom&quot;:&quot;waves&quot;,&quot;shape_divider_bottom_negative&quot;:&quot;yes&quot;}\">\n\t\t\t\t\t<div class=\"elementor-shape elementor-shape-top\" aria-hidden=\"true\" data-negative=\"false\">\n\t\t\t<svg xmlns=\"http:\/\/www.w3.org\/2000\/svg\" viewBox=\"0 0 1000 100\" preserveAspectRatio=\"none\">\n\t<path class=\"elementor-shape-fill\" opacity=\"0.33\" d=\"M473,67.3c-203.9,88.3-263.1-34-320.3,0C66,119.1,0,59.7,0,59.7V0h1000v59.7 c0,0-62.1,26.1-94.9,29.3c-32.8,3.3-62.8-12.3-75.8-22.1C806,49.6,745.3,8.7,694.9,4.7S492.4,59,473,67.3z\"\/>\n\t<path class=\"elementor-shape-fill\" opacity=\"0.66\" d=\"M734,67.3c-45.5,0-77.2-23.2-129.1-39.1c-28.6-8.7-150.3-10.1-254,39.1 s-91.7-34.4-149.2,0C115.7,118.3,0,39.8,0,39.8V0h1000v36.5c0,0-28.2-18.5-92.1-18.5C810.2,18.1,775.7,67.3,734,67.3z\"\/>\n\t<path class=\"elementor-shape-fill\" d=\"M766.1,28.9c-200-57.5-266,65.5-395.1,19.5C242,1.8,242,5.4,184.8,20.6C128,35.8,132.3,44.9,89.9,52.5C28.6,63.7,0,0,0,0 h1000c0,0-9.9,40.9-83.6,48.1S829.6,47,766.1,28.9z\"\/>\n<\/svg>\t\t<\/div>\n\t\t\t\t<div class=\"elementor-shape elementor-shape-bottom\" aria-hidden=\"true\" data-negative=\"true\">\n\t\t\t<svg xmlns=\"http:\/\/www.w3.org\/2000\/svg\" viewBox=\"0 0 1000 100\" preserveAspectRatio=\"none\">\n\t<path class=\"elementor-shape-fill\" d=\"M790.5,93.1c-59.3-5.3-116.8-18-192.6-50c-29.6-12.7-76.9-31-100.5-35.9c-23.6-4.9-52.6-7.8-75.5-5.3\n\tc-10.2,1.1-22.6,1.4-50.1,7.4c-27.2,6.3-58.2,16.6-79.4,24.7c-41.3,15.9-94.9,21.9-134,22.6C72,58.2,0,25.8,0,25.8V100h1000V65.3\n\tc0,0-51.5,19.4-106.2,25.7C839.5,97,814.1,95.2,790.5,93.1z\"\/>\n<\/svg>\t\t<\/div>\n\t\t\t\t\t<div class=\"elementor-container elementor-column-gap-default\">\n\t\t\t\t\t<div class=\"elementor-column elementor-col-100 elementor-top-column elementor-element elementor-element-13cb015\" data-id=\"13cb015\" data-element_type=\"column\" data-e-type=\"column\">\n\t\t\t<div class=\"elementor-widget-wrap elementor-element-populated\">\n\t\t\t\t\t\t<div class=\"elementor-element elementor-element-8de7764 elementor-widget elementor-widget-page-title\" data-id=\"8de7764\" data-element_type=\"widget\" data-e-type=\"widget\" data-widget_type=\"page-title.default\">\n\t\t\t\t<div class=\"elementor-widget-container\">\n\t\t\t\t\t\t\t\n\t\t<div class=\"hfe-page-title hfe-page-title-wrapper elementor-widget-heading\">\n\n\t\t\t\t\t\t\t\t\t\t\t<a href=\"https:\/\/sbsc.sbc.org.br\/2024\">\n\t\t\t\t\t\t<h1 class=\"elementor-heading-title elementor-size-default\">\n\t\t\t\t\t\t\t\t\n\t\t\t\tArtigos Aceitos  \n\t\t\t<\/h1 > \n\t\t\t\t\t\t\t\t\t<\/a>\n\t\t\t\t\t<\/div>\n\t\t\t\t\t\t<\/div>\n\t\t\t\t<\/div>\n\t\t\t\t\t<\/div>\n\t\t<\/div>\n\t\t\t\t\t<\/div>\n\t\t<\/section>\n\t\t\t\t<section class=\"elementor-section elementor-top-section elementor-element elementor-element-0cf0c49 elementor-section-boxed elementor-section-height-default elementor-section-height-default\" data-id=\"0cf0c49\" data-element_type=\"section\" data-e-type=\"section\">\n\t\t\t\t\t\t<div class=\"elementor-container elementor-column-gap-default\">\n\t\t\t\t\t<div class=\"elementor-column elementor-col-100 elementor-top-column elementor-element elementor-element-a3bb5cf\" data-id=\"a3bb5cf\" data-element_type=\"column\" data-e-type=\"column\">\n\t\t\t<div class=\"elementor-widget-wrap elementor-element-populated\">\n\t\t\t\t\t\t<div class=\"elementor-element elementor-element-b8bfb2d elementor-hidden-mobile elementor-widget elementor-widget-spacer\" data-id=\"b8bfb2d\" data-element_type=\"widget\" data-e-type=\"widget\" data-widget_type=\"spacer.default\">\n\t\t\t\t<div class=\"elementor-widget-container\">\n\t\t\t\t\t\t\t<div class=\"elementor-spacer\">\n\t\t\t<div class=\"elementor-spacer-inner\"><\/div>\n\t\t<\/div>\n\t\t\t\t\t\t<\/div>\n\t\t\t\t<\/div>\n\t\t\t\t\t<\/div>\n\t\t<\/div>\n\t\t\t\t\t<\/div>\n\t\t<\/section>\n\t\t\t\t<section class=\"elementor-section elementor-top-section elementor-element elementor-element-ae0b867 elementor-section-boxed elementor-section-height-default elementor-section-height-default\" data-id=\"ae0b867\" data-element_type=\"section\" data-e-type=\"section\">\n\t\t\t\t\t\t<div class=\"elementor-container elementor-column-gap-default\">\n\t\t\t\t\t<div class=\"elementor-column elementor-col-50 elementor-top-column elementor-element elementor-element-1bcc3ea\" data-id=\"1bcc3ea\" data-element_type=\"column\" data-e-type=\"column\">\n\t\t\t<div class=\"elementor-widget-wrap elementor-element-populated\">\n\t\t\t\t\t\t<div class=\"elementor-element elementor-element-051ba31 elementor-widget elementor-widget-heading\" data-id=\"051ba31\" data-element_type=\"widget\" data-e-type=\"widget\" data-widget_type=\"heading.default\">\n\t\t\t\t<div class=\"elementor-widget-container\">\n\t\t\t\t\t<h4 class=\"elementor-heading-title elementor-size-default\">Trilha de Pesquisa\n<\/h4>\t\t\t\t<\/div>\n\t\t\t\t<\/div>\n\t\t\t\t<div class=\"elementor-element elementor-element-77559be elementor-widget elementor-widget-menu-anchor\" data-id=\"77559be\" data-element_type=\"widget\" data-e-type=\"widget\" data-widget_type=\"menu-anchor.default\">\n\t\t\t\t<div class=\"elementor-widget-container\">\n\t\t\t\t\t\t\t<div class=\"elementor-menu-anchor\" id=\"pesquisa01\"><\/div>\n\t\t\t\t\t\t<\/div>\n\t\t\t\t<\/div>\n\t\t\t\t<div class=\"elementor-element elementor-element-5415379 elementor-widget elementor-widget-heading\" data-id=\"5415379\" data-element_type=\"widget\" data-e-type=\"widget\" data-widget_type=\"heading.default\">\n\t\t\t\t<div class=\"elementor-widget-container\">\n\t\t\t\t\t<h5 class=\"elementor-heading-title elementor-size-default\">Sess\u00e3o t\u00e9cnica 1 - 30\/04 de 11:00 - 12:30<\/h5>\t\t\t\t<\/div>\n\t\t\t\t<\/div>\n\t\t\t\t<div class=\"elementor-element elementor-element-fa8f2a5 elementor-widget elementor-widget-text-editor\" data-id=\"fa8f2a5\" data-element_type=\"widget\" data-e-type=\"widget\" data-widget_type=\"text-editor.default\">\n\t\t\t\t<div class=\"elementor-widget-container\">\n\t\t\t\t\t\t\t\t\t<p><strong>Revis\u00e3o R\u00e1pida sobre Vieses em Chatbots &#8211; Uma an\u00e1lise sobre tipos de vieses, impactos e formas de lidar<\/strong><\/p><ul><li style=\"font-weight: 400;\" aria-level=\"1\"><span style=\"font-weight: 400;\">Thiago Ribeiro (UNIRIO &#8211; Brasil)<\/span><\/li><li style=\"font-weight: 400;\" aria-level=\"1\"><span style=\"font-weight: 400;\">Sean Siqueira (Universidade Federal do Estado do Rio de Janeiro (UNIRIO) &#8211; Brasil)<\/span><\/li><li style=\"font-weight: 400;\" aria-level=\"1\"><span style=\"font-weight: 400;\">Maira Gatti de Bayser (YDUQS, Rio de Janeiro &#8211; Brasil)<\/span><\/li><\/ul><p>\u00a0<\/p><p><strong>Towards Inclusive Avatars: A Study on Self-Representation in Virtual Environments<\/strong><\/p><ul><li style=\"font-weight: 400;\" aria-level=\"1\"><span style=\"font-weight: 400;\">Ailton Ribeiro (Universidade Federal da Bahia &#8211; Brasil)<\/span><\/li><li style=\"font-weight: 400;\" aria-level=\"1\"><span style=\"font-weight: 400;\">Murilo Arouca (Federal University of Bahia &#8211; Brasil)<\/span><\/li><li style=\"font-weight: 400;\" aria-level=\"1\"><span style=\"font-weight: 400;\">Ana Maria Amorim (UFBA &#8211; Universidade Federal da Bahia &#8211; Brasil)<\/span><\/li><li style=\"font-weight: 400;\" aria-level=\"1\"><span style=\"font-weight: 400;\">Maria Clara Pestana (Universidade Federal da Bahia &#8211; Brasil)<\/span><\/li><li style=\"font-weight: 400;\" aria-level=\"1\"><span style=\"font-weight: 400;\">Vaninha Vieira (Universidade Federal da Bahia &#8211; Brasil)<\/span><\/li><\/ul><p>\u00a0<\/p><p><strong>Crowdsourcing for collaborative crisis communication: a systematic review<\/strong><\/p><ul><li style=\"font-weight: 400;\" aria-level=\"1\"><span style=\"font-weight: 400;\">Maria Clara Pestana (Universidade Federal da Bahia &#8211; Brasil)<\/span><\/li><li style=\"font-weight: 400;\" aria-level=\"1\"><span style=\"font-weight: 400;\">Ailton Ribeiro (Universidade Federal da Bahia &#8211; Brasil)<\/span><\/li><li style=\"font-weight: 400;\" aria-level=\"1\"><span style=\"font-weight: 400;\">Vaninha Vieira (Universidade Federal da Bahia &#8211; Brasil)<\/span><\/li><\/ul><p>\u00a0<\/p><p><strong>Gamification to support crowdsourcing and participatory mapping for signaling and spatialization of Covid-19 transmission predictors<\/strong><\/p><ul><li style=\"font-weight: 400;\" aria-level=\"1\"><span style=\"font-weight: 400;\">Murilo Arouca (Federal University of Bahia &#8211; Brasil)<\/span><\/li><li style=\"font-weight: 400;\" aria-level=\"1\"><span style=\"font-weight: 400;\">Ailton Ribeiro (Universidade Federal da Bahia &#8211; Brasil)<\/span><\/li><li style=\"font-weight: 400;\" aria-level=\"1\"><span style=\"font-weight: 400;\">Ana Maria Amorim (UFBA &#8211; Universidade Federal da Bahia &#8211; Brasil)<\/span><\/li><li style=\"font-weight: 400;\" aria-level=\"1\"><span style=\"font-weight: 400;\">Isa Beatriz Neves (Universidade do Estado da Bahia &#8211; Brasil)<\/span><\/li><li style=\"font-weight: 400;\" aria-level=\"1\"><span style=\"font-weight: 400;\">Marcos Barreto (London School of Economics and Political Science &#8211; Great Britain)<\/span><\/li><li style=\"font-weight: 400;\" aria-level=\"1\"><span style=\"font-weight: 400;\">Vaninha Vieira (Universidade Federal da Bahia &#8211; Brasil)<\/span><\/li><li style=\"font-weight: 400;\" aria-level=\"1\"><span style=\"font-weight: 400;\">Federico Costa (Universidade Federal da Bahia &#8211; Brasil)<\/span><\/li><li style=\"font-weight: 400;\" aria-level=\"1\"><span style=\"font-weight: 400;\">Ricardo Lustosa Brito (Universidade Federal da Bahia &#8211; Brasil)<\/span><\/li><\/ul><p>\u00a0<\/p><p><strong>Comunica\u00e7\u00e3o entre profissionais de UX e de outras \u00e1reas\u00a0 da tecnologia<\/strong><\/p><ul><li style=\"font-weight: 400;\" aria-level=\"1\"><span style=\"font-weight: 400;\">Ana Cl\u00e1udia Lima (Universidade Federal de Pernambuco &#8211; Brasil)<\/span><\/li><li style=\"font-weight: 400;\" aria-level=\"1\"><span style=\"font-weight: 400;\">Carla Silva (Universidade Federal de Pernambuco &#8211; Brasil)<\/span><\/li><\/ul><p>\u00a0<\/p><p><strong>Match Musical: Avaliando a UX de Recursos Colaborativos no Spotify<\/strong><\/p><ul><li style=\"font-weight: 400;\" aria-level=\"1\"><span style=\"font-weight: 400;\">Edward C. Souza (Universidade Federal do Amazonas &#8211; Brasil)<\/span><\/li><li style=\"font-weight: 400;\" aria-level=\"1\"><span style=\"font-weight: 400;\">Romualdo Costa (UFAM &#8211; Brasil)<\/span><\/li><li style=\"font-weight: 400;\" aria-level=\"1\"><span style=\"font-weight: 400;\">Genildo Gomes (IComp\/UFAM &#8211; Brasil)<\/span><\/li><li style=\"font-weight: 400;\" aria-level=\"1\"><span style=\"font-weight: 400;\">Leandro Silva Galv\u00e3o de Carvalho (Federal University of Amazonas &#8211; Brasil)<\/span><\/li><li style=\"font-weight: 400;\" aria-level=\"1\"><span style=\"font-weight: 400;\">Tanara Lauschner (Universidade Federal do Amazonas &#8211; Brasil)<\/span><\/li><li style=\"font-weight: 400;\" aria-level=\"1\"><span style=\"font-weight: 400;\">Bruno Gadelha (Universidade Federal do Amazonas &#8211; Brasil)<\/span><\/li><\/ul>\t\t\t\t\t\t\t\t<\/div>\n\t\t\t\t<\/div>\n\t\t\t\t<div class=\"elementor-element elementor-element-5a65c76 elementor-widget elementor-widget-menu-anchor\" data-id=\"5a65c76\" data-element_type=\"widget\" data-e-type=\"widget\" data-widget_type=\"menu-anchor.default\">\n\t\t\t\t<div class=\"elementor-widget-container\">\n\t\t\t\t\t\t\t<div class=\"elementor-menu-anchor\" id=\"pesquisa02\"><\/div>\n\t\t\t\t\t\t<\/div>\n\t\t\t\t<\/div>\n\t\t\t\t<div class=\"elementor-element elementor-element-e7bee5e elementor-widget elementor-widget-heading\" data-id=\"e7bee5e\" data-element_type=\"widget\" data-e-type=\"widget\" data-widget_type=\"heading.default\">\n\t\t\t\t<div class=\"elementor-widget-container\">\n\t\t\t\t\t<h5 class=\"elementor-heading-title elementor-size-default\">Sess\u00e3o t\u00e9cnica 2 - 01\/05 de 14:30 - 16:00<\/h5>\t\t\t\t<\/div>\n\t\t\t\t<\/div>\n\t\t\t\t<div class=\"elementor-element elementor-element-a30cad3 elementor-widget elementor-widget-text-editor\" data-id=\"a30cad3\" data-element_type=\"widget\" data-e-type=\"widget\" data-widget_type=\"text-editor.default\">\n\t\t\t\t<div class=\"elementor-widget-container\">\n\t\t\t\t\t\t\t\t\t<p><strong>Compreendendo o Impacto de Processos de Reestrutura\u00e7\u00e3o Organizacional na Din\u00e2mica de Grupos de Trabalho<\/strong><\/p><ul><li style=\"font-weight: 400;\" aria-level=\"1\"><span style=\"font-weight: 400;\">Rafael Barradas (UNIRIO &#8211; Brasil)<\/span><\/li><li style=\"font-weight: 400;\" aria-level=\"1\"><span style=\"font-weight: 400;\">Bruna Diirr (Universidade Federal do Estado do Rio de Janeiro &#8211; Brasil)<\/span><\/li><\/ul><p>\u00a0<\/p><p><strong>A colabora\u00e7\u00e3o em reuni\u00f5es remotas: uma an\u00e1lise sobre o uso da c\u00e2mera e a produtividade.<\/strong><\/p><ul><li style=\"font-weight: 400;\" aria-level=\"1\"><span style=\"font-weight: 400;\">Patrick Belem (Universidade Federal do Rio de janeiro &#8211; UFRJ &#8211; Brasil)<\/span><\/li><li style=\"font-weight: 400;\" aria-level=\"1\"><span style=\"font-weight: 400;\">Jo\u00e3o Paulo Gl\u00f3ria (UFRJ \/ IFBaiano &#8211; Brasil)<\/span><\/li><li style=\"font-weight: 400;\" aria-level=\"1\"><span style=\"font-weight: 400;\">Claudio Barizon (UFRJ &#8211; Brasil)<\/span><\/li><li style=\"font-weight: 400;\" aria-level=\"1\"><span style=\"font-weight: 400;\">Adriano de Souza (Universidade Federal do Rio de Janeiro &#8211; Brasil)<\/span><\/li><li style=\"font-weight: 400;\" aria-level=\"1\"><span style=\"font-weight: 400;\">Rafael de Mello (UFRJ &#8211; Brasil)<\/span><\/li><li style=\"font-weight: 400;\" aria-level=\"1\"><span style=\"font-weight: 400;\">Adriana Vivacqua (Universidade Federal do Rio de Janeiro (UFRJ) &#8211; Brasil)<\/span><\/li><\/ul><p>\u00a0<\/p><p><strong>Meta-Education: A Case Study in Academic Events in the Metaverse<\/strong><\/p><ul><li style=\"font-weight: 400;\" aria-level=\"1\"><span style=\"font-weight: 400;\">Rodrigo Meliande (Universidade Federal da Bahia &#8211; Brasil)<\/span><\/li><li style=\"font-weight: 400;\" aria-level=\"1\"><span style=\"font-weight: 400;\">Ailton Ribeiro (Universidade Federal da Bahia &#8211; Brasil)<\/span><\/li><li style=\"font-weight: 400;\" aria-level=\"1\"><span style=\"font-weight: 400;\">Murilo Arouca (Federal University of Bahia &#8211; Brasil)<\/span><\/li><li style=\"font-weight: 400;\" aria-level=\"1\"><span style=\"font-weight: 400;\">Ana Maria Amorim (UFBA &#8211; Universidade Federal da Bahia &#8211; Brasil)<\/span><\/li><li style=\"font-weight: 400;\" aria-level=\"1\"><span style=\"font-weight: 400;\">Maria Clara Pestana (Universidade Federal da Bahia &#8211; Brasil)<\/span><\/li><li style=\"font-weight: 400;\" aria-level=\"1\"><span style=\"font-weight: 400;\">Vaninha Vieira (Universidade Federal da Bahia &#8211; Brasil)<\/span><\/li><\/ul><p>\u00a0<\/p><p><strong>An analysis of social aspects in CSCL: a SML on design and evaluation of sociability to (re)qualify these environments<\/strong><\/p><ul><li style=\"font-weight: 400;\" aria-level=\"1\"><span style=\"font-weight: 400;\">Filipe Garrido (UFBA &#8211; Universidade Federal da Bahia &#8211; Brasil)<\/span><\/li><li style=\"font-weight: 400;\" aria-level=\"1\"><span style=\"font-weight: 400;\">Beatriz Brito do R\u00eago (Universidade Federal da Bahia &#8211; Brasil)<\/span><\/li><li style=\"font-weight: 400;\" aria-level=\"1\"><span style=\"font-weight: 400;\">Jean Rosa (UFBA &#8211; Portugal)<\/span><\/li><li style=\"font-weight: 400;\" aria-level=\"1\"><span style=\"font-weight: 400;\">Ecivaldo Matos (Universidade de S\u00e3o Paulo &#8211; Brasil)<\/span><\/li><\/ul><p><br \/><br \/><\/p><p><strong>Diagrama T\u00e1til: Uma Abordagem de Ensino de Banco de Dados para Pessoas com Defici\u00eancias Visuais Atrav\u00e9s da Pesquisa-A\u00e7\u00e3o<\/strong><\/p><ul><li style=\"font-weight: 400;\" aria-level=\"1\"><span style=\"font-weight: 400;\">Amanda Klein (Universidade Federal de Itajub\u00e1 &#8211; Brasil)<\/span><\/li><li style=\"font-weight: 400;\" aria-level=\"1\"><span style=\"font-weight: 400;\">B\u00e1rbara Caetano (Centro Universit\u00e1rio de Itajub\u00e1 (FEPI) &#8211; Brasil)<\/span><\/li><li style=\"font-weight: 400;\" aria-level=\"1\"><span style=\"font-weight: 400;\">Huandy Calini de Camargo Silva (Universidade Federal de Itajub\u00e1 &#8211; Brasil)<\/span><\/li><li style=\"font-weight: 400;\" aria-level=\"1\"><span style=\"font-weight: 400;\">Gabriel Ciriaco Fornitano (Universidade Federal de Itajub\u00e1 &#8211; Brasil)<\/span><\/li><li style=\"font-weight: 400;\" aria-level=\"1\"><span style=\"font-weight: 400;\">Rafael Frinhani (Universidade Federal de Itajub\u00e1 &#8211; Brasil)<\/span><\/li><li style=\"font-weight: 400;\" aria-level=\"1\"><span style=\"font-weight: 400;\">Melise Paula (Universidade Federal de Itajuba &#8211; Brasil)<\/span><\/li><\/ul>\t\t\t\t\t\t\t\t<\/div>\n\t\t\t\t<\/div>\n\t\t\t\t<div class=\"elementor-element elementor-element-c011aff elementor-widget-divider--separator-type-pattern elementor-widget-divider--view-line elementor-widget elementor-widget-divider\" data-id=\"c011aff\" data-element_type=\"widget\" data-e-type=\"widget\" data-widget_type=\"divider.default\">\n\t\t\t\t<div class=\"elementor-widget-container\">\n\t\t\t\t\t\t\t<div class=\"elementor-divider\" style=\"--divider-pattern-url: url(&quot;data:image\/svg+xml,%3Csvg xmlns=&#039;http:\/\/www.w3.org\/2000\/svg&#039; preserveAspectRatio=&#039;none&#039; overflow=&#039;visible&#039; height=&#039;100%&#039; viewBox=&#039;0 0 24 24&#039; fill=&#039;none&#039; stroke=&#039;black&#039; stroke-width=&#039;1&#039; stroke-linecap=&#039;square&#039; stroke-miterlimit=&#039;10&#039;%3E%3Cpath d=&#039;M0,6c6,0,6,13,12,13S18,6,24,6&#039;\/%3E%3C\/svg%3E&quot;);\">\n\t\t\t<span class=\"elementor-divider-separator\">\n\t\t\t\t\t\t<\/span>\n\t\t<\/div>\n\t\t\t\t\t\t<\/div>\n\t\t\t\t<\/div>\n\t\t\t\t<div class=\"elementor-element elementor-element-4027bc2 elementor-widget elementor-widget-heading\" data-id=\"4027bc2\" data-element_type=\"widget\" data-e-type=\"widget\" data-widget_type=\"heading.default\">\n\t\t\t\t<div class=\"elementor-widget-container\">\n\t\t\t\t\t<h4 class=\"elementor-heading-title elementor-size-default\">Trilha Ideias Inovadoras e Resultados Emergentes\n<\/h4>\t\t\t\t<\/div>\n\t\t\t\t<\/div>\n\t\t\t\t<div class=\"elementor-element elementor-element-bfeb43b elementor-widget elementor-widget-menu-anchor\" data-id=\"bfeb43b\" data-element_type=\"widget\" data-e-type=\"widget\" data-widget_type=\"menu-anchor.default\">\n\t\t\t\t<div class=\"elementor-widget-container\">\n\t\t\t\t\t\t\t<div class=\"elementor-menu-anchor\" id=\"ideias01\"><\/div>\n\t\t\t\t\t\t<\/div>\n\t\t\t\t<\/div>\n\t\t\t\t<div class=\"elementor-element elementor-element-561cbc4 elementor-widget elementor-widget-heading\" data-id=\"561cbc4\" data-element_type=\"widget\" data-e-type=\"widget\" data-widget_type=\"heading.default\">\n\t\t\t\t<div class=\"elementor-widget-container\">\n\t\t\t\t\t<h5 class=\"elementor-heading-title elementor-size-default\">Sess\u00e3o t\u00e9cnica 1 - 30\/04 de 14:30 - 16:00<\/h5>\t\t\t\t<\/div>\n\t\t\t\t<\/div>\n\t\t\t\t<div class=\"elementor-element elementor-element-5fbb357 elementor-widget elementor-widget-text-editor\" data-id=\"5fbb357\" data-element_type=\"widget\" data-e-type=\"widget\" data-widget_type=\"text-editor.default\">\n\t\t\t\t<div class=\"elementor-widget-container\">\n\t\t\t\t\t\t\t\t\t<p><strong>Colabora\u00e7\u00e3o com Assistente de Codifica\u00e7\u00e3o Baseado em IA: Benef\u00edcios e Desafios<\/strong><\/p><ul><li style=\"font-weight: 400;\" aria-level=\"1\"><span style=\"font-weight: 400;\">Wendy Mendes Galeno (Universidade Federal do Par\u00e1- UFPA &#8211; Brasil)<\/span><\/li><li style=\"font-weight: 400;\" aria-level=\"1\"><span style=\"font-weight: 400;\">Samara Souza (Universidade Federal do Par\u00e1 &#8211; Brasil)<\/span><\/li><li style=\"font-weight: 400;\" aria-level=\"1\"><span style=\"font-weight: 400;\">Cleidson de Souza (UFPA &#8211; Brasil<\/span><span style=\"font-weight: 400;\">)<\/span><\/li><\/ul><p>\u00a0<\/p><p><strong>Health Guardian &#8211; A intelig\u00eancia artificial a servi\u00e7o do tratamento das doen\u00e7as tropicais negligenciadas<\/strong><\/p><ul><li style=\"font-weight: 400;\" aria-level=\"1\"><span style=\"font-weight: 400;\">Hilson G. V. de Andrade (Universidade de Pernambuco &#8211; Brasil)<\/span><\/li><li style=\"font-weight: 400;\" aria-level=\"1\"><span style=\"font-weight: 400;\">Maicon Lino Ferreira da Silva Barros (Universidade de Pernambuco &#8211; Brasil)<\/span><\/li><li style=\"font-weight: 400;\" aria-level=\"1\"><span style=\"font-weight: 400;\">Maria Eduarda Ferro de Mello (Universidade de Pernambuco &#8211; Brasil)<\/span><\/li><li style=\"font-weight: 400;\" aria-level=\"1\"><span style=\"font-weight: 400;\">Patricia Takako Endo (Universidade de Pernambuco &#8211; Brasil)<\/span><\/li><\/ul><p>\u00a0<\/p><p><strong>Digital discrimination detection in ridesharing services<\/strong><\/p><ul><li style=\"font-weight: 400;\" aria-level=\"1\"><span style=\"font-weight: 400;\">Raquel Paiva (Unirio &#8211; Universidade Federal do Estado do Rio de Janeiro &#8211; Brasil)<\/span><\/li><li style=\"font-weight: 400;\" aria-level=\"1\"><span style=\"font-weight: 400;\">Wendy Silva Cataldo (Universidade Federal do Estado do Rio de Janeiro &#8211; Brasil)<\/span><\/li><li style=\"font-weight: 400;\" aria-level=\"1\"><span style=\"font-weight: 400;\">Ana Cristina Bicharra Garcia (UNIRIO &#8211; Brasil)<\/span><\/li><li style=\"font-weight: 400;\" aria-level=\"1\"><span style=\"font-weight: 400;\">Carlos Mello (UNIRIO &#8211; Brasil)<\/span><\/li><\/ul><p>\u00a0<\/p><p><strong>Bridging the Gap in Code Reviews: A Large Language Model-based Proposal for Global Development Teams<\/strong><\/p><ul><li style=\"font-weight: 400;\" aria-level=\"1\"><span style=\"font-weight: 400;\">Gustavo Martins (SIDIA &#8211; Brasil)<\/span><\/li><li style=\"font-weight: 400;\" aria-level=\"1\"><span style=\"font-weight: 400;\">Emiliandro Firmino (SIDIA &#8211; Brasil)<\/span><\/li><\/ul><p>\u00a0<\/p><p><strong>Percep\u00e7\u00e3o dos Servidores e Docentes da Universidade Federal do Cear\u00e1 &#8211; Campus de Russas sobre a Usabilidade do Sistema Eletr\u00f4nico de Informa\u00e7\u00f5es (SEI): Um Survey<\/strong><\/p><ul><li style=\"font-weight: 400;\" aria-level=\"1\"><span style=\"font-weight: 400;\">Denise R\u00edsia (Federal University of Cear\u00e1 &#8211; Brasil)<\/span><\/li><li style=\"font-weight: 400;\" aria-level=\"1\"><span style=\"font-weight: 400;\">Alexandre Arruda (Federal University of Cear\u00e1 &#8211; Brasil)<\/span><\/li><li style=\"font-weight: 400;\" aria-level=\"1\"><span style=\"font-weight: 400;\">Anna Beatriz Marques (Universidade Federal do Cear\u00e1 &#8211; Brasil)<\/span><\/li><li style=\"font-weight: 400;\" aria-level=\"1\"><span style=\"font-weight: 400;\">Marcos Gabriel (Federal University of Cear\u00e1 &#8211; Brasil)<\/span><\/li><li style=\"font-weight: 400;\" aria-level=\"1\"><span style=\"font-weight: 400;\">Kauan Sousa (Federal University of Cear\u00e1 &#8211; Brasil)<\/span><\/li><\/ul><p>\u00a0<\/p><p><strong>Meu time vai bem? Dashboards para acompanhamento de times de desenvolvimento de software<\/strong><\/p><ul><li style=\"font-weight: 400;\" aria-level=\"1\"><span style=\"font-weight: 400;\">Matheus Ferreira (Universidade Federal do Amazonas &#8211; Brasil)<\/span><\/li><li style=\"font-weight: 400;\" aria-level=\"1\"><span style=\"font-weight: 400;\">Bruno Gadelha (Universidade Federal do Amazonas &#8211; Brasil)<\/span><\/li><\/ul><p>\u00a0<\/p><p><strong>Perfil de Participantes em Grupo de D\u00favidas no Telegram: Estudo Inicial<\/strong><\/p><ul><li style=\"font-weight: 400;\" aria-level=\"1\"><span style=\"font-weight: 400;\">Leonardo Gargano (Universidade Federal do Rio de Janeiro &#8211; Brasil)<\/span><\/li><li style=\"font-weight: 400;\" aria-level=\"1\"><span style=\"font-weight: 400;\">Gabriel Ferraz Pereira (Universidade Federal Fluminense &#8211; Brasil)<\/span><\/li><li style=\"font-weight: 400;\" aria-level=\"1\"><span style=\"font-weight: 400;\">Adriana Vivacqua (Universidade Federal do Rio de Janeiro (UFRJ) &#8211; Brasil)<\/span><\/li><\/ul>\t\t\t\t\t\t\t\t<\/div>\n\t\t\t\t<\/div>\n\t\t\t\t<div class=\"elementor-element elementor-element-dfed3ae elementor-widget elementor-widget-menu-anchor\" data-id=\"dfed3ae\" data-element_type=\"widget\" data-e-type=\"widget\" data-widget_type=\"menu-anchor.default\">\n\t\t\t\t<div class=\"elementor-widget-container\">\n\t\t\t\t\t\t\t<div class=\"elementor-menu-anchor\" id=\"ideias02\"><\/div>\n\t\t\t\t\t\t<\/div>\n\t\t\t\t<\/div>\n\t\t\t\t<div class=\"elementor-element elementor-element-9cf7c09 elementor-widget elementor-widget-heading\" data-id=\"9cf7c09\" data-element_type=\"widget\" data-e-type=\"widget\" data-widget_type=\"heading.default\">\n\t\t\t\t<div class=\"elementor-widget-container\">\n\t\t\t\t\t<h5 class=\"elementor-heading-title elementor-size-default\">Sess\u00e3o t\u00e9cnica 2 - 02\/05 de 14:30 - 16:00<\/h5>\t\t\t\t<\/div>\n\t\t\t\t<\/div>\n\t\t\t\t<div class=\"elementor-element elementor-element-364961b elementor-widget elementor-widget-text-editor\" data-id=\"364961b\" data-element_type=\"widget\" data-e-type=\"widget\" data-widget_type=\"text-editor.default\">\n\t\t\t\t<div class=\"elementor-widget-container\">\n\t\t\t\t\t\t\t\t\t<p><strong>United for Humanity: Developing a Collaborative Model for Crowd Engagement in Crisis Recovery Campaigns<\/strong><\/p><ul><li style=\"font-weight: 400;\" aria-level=\"1\"><span style=\"font-weight: 400;\">Maria Clara Pestana (Universidade Federal da Bahia &#8211; Brasil)<\/span><\/li><li style=\"font-weight: 400;\" aria-level=\"1\"><span style=\"font-weight: 400;\">Vaninha Vieira (Universidade Federal da Bahia &#8211; Brasil)<\/span><\/li><\/ul><p>\u00a0<\/p><p><strong>Analisando Centros de Resposta \u00e0 Emerg\u00eancias em Capitais Brasileiras Utilizando uma Abordagem Baseada em Dados Geoespaciais Colaborativos<\/strong><\/p><ul><li style=\"font-weight: 400;\" aria-level=\"1\"><span style=\"font-weight: 400;\">Jo\u00e3o Paulo Peixoto (Instituto Federal de Educa\u00e7\u00e3o, Ci\u00eancia e Tecnologia da Bahia &#8211; Brasil)<\/span><\/li><li style=\"font-weight: 400;\" aria-level=\"1\"><span style=\"font-weight: 400;\">Daniel Costa (Faculdade de Engenharia da Universidade do Porto &#8211; Portugal)<\/span><\/li><li style=\"font-weight: 400;\" aria-level=\"1\"><span style=\"font-weight: 400;\">Washington Rocha (University of Feira de Santana &#8211; Brasil)<\/span><\/li><\/ul><p>\u00a0<\/p><p><strong>GestLab: Software de Gest\u00e3o do Conhecimento e Processos Colaborativos no Contexto Universit\u00e1rio<\/strong><\/p><ul><li style=\"font-weight: 400;\" aria-level=\"1\"><span style=\"font-weight: 400;\">Eriky Ryan Gon\u00e7alves Leite (Universidade Federal do Cear\u00e1 &#8211; Brasil)<\/span><\/li><li style=\"font-weight: 400;\" aria-level=\"1\"><span style=\"font-weight: 400;\">Israely Lima (Universidade Federal do Cear\u00e1 &#8211; Brasil)<\/span><\/li><li style=\"font-weight: 400;\" aria-level=\"1\"><span style=\"font-weight: 400;\">Jorge Luiz (Universidade Federal do Cear\u00e1 &#8211; Brasil)<\/span><\/li><li style=\"font-weight: 400;\" aria-level=\"1\"><span style=\"font-weight: 400;\">Marina Rocha (Universidade Federal do Cear\u00e1 &#8211; Brasil)<\/span><\/li><li style=\"font-weight: 400;\" aria-level=\"1\"><span style=\"font-weight: 400;\">Jacilane Rabelo (Universidade Federal do Cear\u00e1 &#8211; Brasil)<\/span><\/li><\/ul><p>\u00a0<\/p><p><strong>Bisbilhotando v\u00eddeos ao vivo alheios do YouTube: observa\u00e7\u00f5es, insights e caminhos aplicados a Semin\u00e1rios de Inform\u00e1tica do ForPPGC-PR em 2023-2<\/strong><\/p><ul><li style=\"font-weight: 400;\" aria-level=\"1\"><span style=\"font-weight: 400;\">Josiney Souza (Instituto Federal Catarinense &#8211; Brasil)<\/span><\/li><li style=\"font-weight: 400;\" aria-level=\"1\"><span style=\"font-weight: 400;\">Marcos Sunye (Universidade Federal do Paran\u00e1 &#8211; Brasil)<\/span><\/li><\/ul><p>\u00a0<\/p><p><strong>Mapeando Iniciativas de Literacia de Dados em Favelas do Rio de Janeiro e Regi\u00f5es Vizinhas<\/strong><\/p><ul><li style=\"font-weight: 400;\" aria-level=\"1\"><span style=\"font-weight: 400;\">Luciana Brito (Universidade Federal do Rio de Janeiro &#8211; Brasil)<\/span><\/li><li style=\"font-weight: 400;\" aria-level=\"1\"><span style=\"font-weight: 400;\">Juliana Fran\u00e7a (Universidade Federal do Rio de Janeiro &#8211; Brasil)<\/span><\/li><li style=\"font-weight: 400;\" aria-level=\"1\"><span style=\"font-weight: 400;\">Ang\u00e9lica Dias (Universidade Federal do Rio de Janeiro &#8211; Brasil)<\/span><\/li><li style=\"font-weight: 400;\" aria-level=\"1\"><span style=\"font-weight: 400;\">Adriana Vivacqua (Universidade Federal do Rio de Janeiro (UFRJ) &#8211; Brasil)<\/span><\/li><\/ul><p>\u00a0<\/p><p><strong>Mapeamento das a\u00e7\u00f5es de media\u00e7\u00e3o colaborativa nas plataformas digitais utilizadas na educa\u00e7\u00e3o<\/strong><\/p><ul><li style=\"font-weight: 400;\" aria-level=\"1\"><span style=\"font-weight: 400;\">Luciane Deus (Universidade Federal do Rio de Janeiro (UFRJ) &#8211; Brazil)<\/span><\/li><li style=\"font-weight: 400;\" aria-level=\"1\"><span style=\"font-weight: 400;\">Adriana Vivacqua (Universidade Federal do Rio de Janeiro (UFRJ) &#8211; Brazil)<\/span><\/li><li style=\"font-weight: 400;\" aria-level=\"1\"><span style=\"font-weight: 400;\">Juliana Fran\u00e7a (Universidade Federal do Rio de Janeiro &#8211; Brazil)<\/span><\/li><\/ul>\t\t\t\t\t\t\t\t<\/div>\n\t\t\t\t<\/div>\n\t\t\t\t<div class=\"elementor-element elementor-element-4e1d80d elementor-widget-divider--separator-type-pattern elementor-widget-divider--view-line elementor-widget elementor-widget-divider\" data-id=\"4e1d80d\" data-element_type=\"widget\" data-e-type=\"widget\" data-widget_type=\"divider.default\">\n\t\t\t\t<div class=\"elementor-widget-container\">\n\t\t\t\t\t\t\t<div class=\"elementor-divider\" style=\"--divider-pattern-url: url(&quot;data:image\/svg+xml,%3Csvg xmlns=&#039;http:\/\/www.w3.org\/2000\/svg&#039; preserveAspectRatio=&#039;none&#039; overflow=&#039;visible&#039; height=&#039;100%&#039; viewBox=&#039;0 0 24 24&#039; fill=&#039;none&#039; stroke=&#039;black&#039; stroke-width=&#039;1&#039; stroke-linecap=&#039;square&#039; stroke-miterlimit=&#039;10&#039;%3E%3Cpath d=&#039;M0,6c6,0,6,13,12,13S18,6,24,6&#039;\/%3E%3C\/svg%3E&quot;);\">\n\t\t\t<span class=\"elementor-divider-separator\">\n\t\t\t\t\t\t<\/span>\n\t\t<\/div>\n\t\t\t\t\t\t<\/div>\n\t\t\t\t<\/div>\n\t\t\t\t<div class=\"elementor-element elementor-element-d724beb elementor-widget elementor-widget-menu-anchor\" data-id=\"d724beb\" data-element_type=\"widget\" data-e-type=\"widget\" data-widget_type=\"menu-anchor.default\">\n\t\t\t\t<div class=\"elementor-widget-container\">\n\t\t\t\t\t\t\t<div class=\"elementor-menu-anchor\" id=\"desenho01\"><\/div>\n\t\t\t\t\t\t<\/div>\n\t\t\t\t<\/div>\n\t\t\t\t<div class=\"elementor-element elementor-element-2d735b5 elementor-widget elementor-widget-heading\" data-id=\"2d735b5\" data-element_type=\"widget\" data-e-type=\"widget\" data-widget_type=\"heading.default\">\n\t\t\t\t<div class=\"elementor-widget-container\">\n\t\t\t\t\t<h4 class=\"elementor-heading-title elementor-size-default\">Trilha Desenho de Pesquisa\n<\/h4>\t\t\t\t<\/div>\n\t\t\t\t<\/div>\n\t\t\t\t<div class=\"elementor-element elementor-element-9008afb elementor-widget elementor-widget-heading\" data-id=\"9008afb\" data-element_type=\"widget\" data-e-type=\"widget\" data-widget_type=\"heading.default\">\n\t\t\t\t<div class=\"elementor-widget-container\">\n\t\t\t\t\t<h5 class=\"elementor-heading-title elementor-size-default\">01\/05 de 16:30 - 18:00<\/h5>\t\t\t\t<\/div>\n\t\t\t\t<\/div>\n\t\t\t\t<div class=\"elementor-element elementor-element-232cbde elementor-widget elementor-widget-text-editor\" data-id=\"232cbde\" data-element_type=\"widget\" data-e-type=\"widget\" data-widget_type=\"text-editor.default\">\n\t\t\t\t<div class=\"elementor-widget-container\">\n\t\t\t\t\t\t\t\t\t<p><strong>Desenvolvendo Compet\u00eancias Computacionais no Ensino Fundamental: Integra\u00e7\u00e3o do Pensamento Computacional e do Metaverso no Ambiente Educacional<\/strong><\/p><ul><li style=\"font-weight: 400;\" aria-level=\"1\"><span style=\"font-weight: 400;\">Fernanda Couto dos Santos Araujo &#8211; Col\u00e9gio Pedro II e UFRJ<\/span><\/li><li style=\"font-weight: 400;\" aria-level=\"1\"><span style=\"font-weight: 400;\">Adriana Vivacqua UFRJ &#8211; Universidade Federal do Rio de Janeiro<\/span><\/li><li style=\"font-weight: 400;\" aria-level=\"1\"><span style=\"font-weight: 400;\">Juliana Batista Fran\u00e7a &#8211; UFRJ &#8211; Universidade Federal do Rio de Janeiro<\/span><\/li><\/ul><p>\u00a0<\/p><p><strong>Oportunidades e Desafios para o Desenvolvimento Colaborativo de Visualiza\u00e7\u00f5es Narrativas de Dados<\/strong><\/p><ul><li style=\"font-weight: 400;\" aria-level=\"1\"><span style=\"font-weight: 400;\">Claiton Correa \u00a0 Instituto Federal Farroupilha (IFFar)<\/span><\/li><li style=\"font-weight: 400;\" aria-level=\"1\"><span style=\"font-weight: 400;\">Rafael Parizi \u00a0 Instituto Federal Farroupilha (IFFar)<\/span><\/li><\/ul><p>\u00a0<\/p><p><strong>Impactos e Desafios da Migra\u00e7\u00e3o para o Trabalho H\u00edbrido em Equipes de Desenvolvimento de Software<\/strong><\/p><ul><li style=\"font-weight: 400;\" aria-level=\"1\"><span style=\"font-weight: 400;\">Patricia Oliveira Santos &#8211; Universidade Federal do Estado do Rio de Janeiro (UNIRIO)<\/span><\/li><li style=\"font-weight: 400;\" aria-level=\"1\"><span style=\"font-weight: 400;\">Bruna Diirr &#8211; Universidade Federal do Estado do Rio de Janeiro (UNIRIO)<\/span><\/li><\/ul><p>\u00a0<\/p><p><strong>Reestrutura\u00e7\u00e3o organizacional e Colabora\u00e7\u00e3o: Organizando fatores de influ\u00eancia na din\u00e2mica de equipes<\/strong><\/p><ul><li style=\"font-weight: 400;\" aria-level=\"1\"><span style=\"font-weight: 400;\">Rafael Barradas &#8211; Universidade Federal do Estado do Rio de Janeiro (UNIRIO)<\/span><\/li><li style=\"font-weight: 400;\" aria-level=\"1\"><span style=\"font-weight: 400;\">Bruna Diirr &#8211; Universidade Federal do Estado do Rio de Janeiro (UNIRIO)<\/span><\/li><\/ul><p>\u00a0<\/p><p><strong>Conceitualiza\u00e7\u00e3o de signo no MoLIC : uma abordagem utilizando ontologia UFO<\/strong><\/p><ul><li style=\"font-weight: 400;\" aria-level=\"1\"><span style=\"font-weight: 400;\">Adriana &#8211; Vivacqua Universidade Federal do Rio de Janeiro (UFRJ) \/ Programa de P\u00f3s-Gradua\u00e7\u00e3o em Inform\u00e1tica (PPGI)<\/span><\/li><li style=\"font-weight: 400;\" aria-level=\"1\"><span style=\"font-weight: 400;\">Gabryele de A. Benites Prado &#8211; Universidade Federal do Rio de Janeiro (UFRJ) \/ Programa de P\u00f3s-Gradua\u00e7\u00e3o em Inform\u00e1tica (PPGI)<\/span><\/li><li style=\"font-weight: 400;\" aria-level=\"1\"><span style=\"font-weight: 400;\">Juliana B. dos S. Fran\u00e7a &#8211; Universidade Federal do Rio de Janeiro (UFRJ) \/ Programa de P\u00f3s-Gradua\u00e7\u00e3o em Inform\u00e1tica (PPGI)<\/span><\/li><\/ul><p>\u00a0<\/p><p><strong>Plataforma de Crowdsourcing Internet of Things (Crowd-IoT) para detec\u00e7\u00e3o de emerg\u00eancias urbanas<\/strong><\/p><ul><li style=\"font-weight: 400;\" aria-level=\"1\"><span style=\"font-weight: 400;\">Gabriel\u00a0 S. Barreto &#8211; PGCC-UEFS, Universidade Estadual de Feira de Santana, Brasil<\/span><\/li><li style=\"font-weight: 400;\" aria-level=\"1\"><span style=\"font-weight: 400;\">Thiago \u00a0 C. Jesus &#8211; DTEC-UEFS, Universidade Estadual de Feira de Santana, Brasil<\/span><\/li><li style=\"font-weight: 400;\" aria-level=\"1\"><span style=\"font-weight: 400;\">Gustavo\u00a0 A. A. Coelho &#8211; PGCC-UEFS, Universidade Estadual de Feira de Santana, Brasil<\/span><\/li><li style=\"font-weight: 400;\" aria-level=\"1\"><span style=\"font-weight: 400;\">Gustavo\u00a0 F. Silva &#8211; PGCC-UEFS, Universidade Estadual de Feira de Santana, Brasil<\/span><\/li><li style=\"font-weight: 400;\" aria-level=\"1\"><span style=\"font-weight: 400;\">Daniel \u00a0 G. Costa INEGI, Faculdade de Engenharia, Universidade do Porto, Portugal<\/span><\/li><\/ul><p>\u00a0<\/p><p><strong>Design Colaborativo em Literacia de Dados no Complexo do Alem\u00e3o: Uma Abordagem Inspirada no M\u00e9todo Paulo Freire<\/strong><\/p><ul><li style=\"font-weight: 400;\" aria-level=\"1\"><span style=\"font-weight: 400;\">Luciana S\u00e1 Brito &#8211; Universidade Federal do Rio de Janeiro<\/span><\/li><li style=\"font-weight: 400;\" aria-level=\"1\"><span style=\"font-weight: 400;\">Ang\u00e9lica Fonseca da Silva Dias &#8211; Universidade Federal do Rio de Janeiro<\/span><\/li><li style=\"font-weight: 400;\" aria-level=\"1\"><span style=\"font-weight: 400;\">Juliana Baptista dos Santos Fran\u00e7a &#8211; Universidade Federal do Rio de Janeiro<\/span><\/li><li style=\"font-weight: 400;\" aria-level=\"1\"><span style=\"font-weight: 400;\">Adriana Santarosa Vivacqua &#8211; Universidade Federal do Rio de Janeiro<\/span><\/li><\/ul><p>\u00a0<\/p><p><strong>Colabora\u00e7\u00e3o em grupos de d\u00favidas em Aplicativos de Mensagens Instant\u00e2neas: Um desenho de pesquisa<\/strong><\/p><ul><li style=\"font-weight: 400;\" aria-level=\"1\"><span style=\"font-weight: 400;\">Leonardo Gargano &#8211; Universidade Federal do Rio de Janeiro<\/span><\/li><li style=\"font-weight: 400;\" aria-level=\"1\"><span style=\"font-weight: 400;\">Adriana Santarosa &#8211; Vivacqua Universidade Federal do Rio de Janeiro<\/span><\/li><\/ul><p>\u00a0<\/p><p><strong>Projeto Contato: o uso da colabora\u00e7\u00e3o atrav\u00e9s da dan\u00e7a, m\u00fasica, tecnologia e inova\u00e7\u00e3o<\/strong><\/p><ul><li style=\"font-weight: 400;\" aria-level=\"1\"><span style=\"font-weight: 400;\">Julli Cruz Modesto &#8211; UFRJ &#8211; Faculdade de Letras-Portugu\u00eas: Literaturas (Letras Vern\u00e1culas)<\/span><\/li><li style=\"font-weight: 400;\" aria-level=\"1\"><span style=\"font-weight: 400;\">Caroline Breder Figueiredo &#8211; UFRJ\/CCMN &#8211; Licenciatura em F\u00edsica\u00a0<\/span><\/li><li style=\"font-weight: 400;\" aria-level=\"1\"><span style=\"font-weight: 400;\">Gabriel Alvares Guimar\u00e3es &#8211; UFRJ\/CT &#8211; Engenharia Eletr\u00f4nica e Computa\u00e7\u00e3o<\/span><\/li><li style=\"font-weight: 400;\" aria-level=\"1\"><span style=\"font-weight: 400;\">Lenine Vasconcellos \u00a0 Oliveira &#8211; UFRJ &#8211; Escola de Educa\u00e7\u00e3o F\u00edsica e Desportos &#8211; Departamento de Arte Corporal<\/span><\/li><li style=\"font-weight: 400;\" aria-level=\"1\"><span style=\"font-weight: 400;\">Ang\u00e9lica Fonseca Dias &#8211; UFRJ &#8211; Instituto T\u00e9rcio Pacitti-NCE<\/span><\/li><\/ul><p>\u00a0<\/p><p><strong>DRONECOLAB: identifica\u00e7\u00e3o de zonas de reprodu\u00e7\u00e3o da Dengue<\/strong><\/p><ul><li style=\"font-weight: 400;\" aria-level=\"1\"><span style=\"font-weight: 400;\">Larissa Rocha Santos &#8211; Enadia Lisboa Rocha<\/span><\/li><li style=\"font-weight: 400;\" aria-level=\"1\"><span style=\"font-weight: 400;\">Ang\u00e9lica\u00a0 \u00a0 Fonseca Dias &#8211; UFRJ &#8211; Instituto T\u00e9rcio Pacitti-NCE<\/span><\/li><li style=\"font-weight: 400;\" aria-level=\"1\"><span style=\"font-weight: 400;\">Cl\u00e1udio de Farias &#8211; UFRJ<\/span><\/li><li style=\"font-weight: 400;\" aria-level=\"1\"><span style=\"font-weight: 400;\">Henrique Serdeira &#8211; UFRJ<\/span><\/li><\/ul>\t\t\t\t\t\t\t\t<\/div>\n\t\t\t\t<\/div>\n\t\t\t\t<div class=\"elementor-element elementor-element-37b1818 elementor-widget-divider--separator-type-pattern elementor-widget-divider--view-line elementor-widget elementor-widget-divider\" data-id=\"37b1818\" data-element_type=\"widget\" data-e-type=\"widget\" data-widget_type=\"divider.default\">\n\t\t\t\t<div class=\"elementor-widget-container\">\n\t\t\t\t\t\t\t<div class=\"elementor-divider\" style=\"--divider-pattern-url: url(&quot;data:image\/svg+xml,%3Csvg xmlns=&#039;http:\/\/www.w3.org\/2000\/svg&#039; preserveAspectRatio=&#039;none&#039; overflow=&#039;visible&#039; height=&#039;100%&#039; viewBox=&#039;0 0 24 24&#039; fill=&#039;none&#039; stroke=&#039;black&#039; stroke-width=&#039;1&#039; stroke-linecap=&#039;square&#039; stroke-miterlimit=&#039;10&#039;%3E%3Cpath d=&#039;M0,6c6,0,6,13,12,13S18,6,24,6&#039;\/%3E%3C\/svg%3E&quot;);\">\n\t\t\t<span class=\"elementor-divider-separator\">\n\t\t\t\t\t\t<\/span>\n\t\t<\/div>\n\t\t\t\t\t\t<\/div>\n\t\t\t\t<\/div>\n\t\t\t\t<div class=\"elementor-element elementor-element-5f29b0d elementor-widget elementor-widget-heading\" data-id=\"5f29b0d\" data-element_type=\"widget\" data-e-type=\"widget\" data-widget_type=\"heading.default\">\n\t\t\t\t<div class=\"elementor-widget-container\">\n\t\t\t\t\t<h4 class=\"elementor-heading-title elementor-size-default\">Concurso de Tese, Disserta\u00e7\u00e3o e Trabalho de Conclus\u00e3o de Curso\n<\/h4>\t\t\t\t<\/div>\n\t\t\t\t<\/div>\n\t\t\t\t<div class=\"elementor-element elementor-element-7c6383e elementor-widget elementor-widget-menu-anchor\" data-id=\"7c6383e\" data-element_type=\"widget\" data-e-type=\"widget\" data-widget_type=\"menu-anchor.default\">\n\t\t\t\t<div class=\"elementor-widget-container\">\n\t\t\t\t\t\t\t<div class=\"elementor-menu-anchor\" id=\"ctd01\"><\/div>\n\t\t\t\t\t\t<\/div>\n\t\t\t\t<\/div>\n\t\t\t\t<div class=\"elementor-element elementor-element-2bc3d2b elementor-widget elementor-widget-heading\" data-id=\"2bc3d2b\" data-element_type=\"widget\" data-e-type=\"widget\" data-widget_type=\"heading.default\">\n\t\t\t\t<div class=\"elementor-widget-container\">\n\t\t\t\t\t<h5 class=\"elementor-heading-title elementor-size-default\">Sess\u00e3o 1 - 29\/04 de 16:30 - 18:00<\/h5>\t\t\t\t<\/div>\n\t\t\t\t<\/div>\n\t\t\t\t<div class=\"elementor-element elementor-element-03cec08 elementor-widget elementor-widget-text-editor\" data-id=\"03cec08\" data-element_type=\"widget\" data-e-type=\"widget\" data-widget_type=\"text-editor.default\">\n\t\t\t\t<div class=\"elementor-widget-container\">\n\t\t\t\t\t\t\t\t\t<p><strong>Recognition and Sharing of Textual Patterns in Fake News &#8211; Trabalho de Conclus\u00e3o de Curso<\/strong><\/p><ul><li>Autor: Leonardo Emerson Andr\u00e9 Alves (UFRJ)<\/li><li>Orientadores: Jonice Oliveira (UFRJ) e S\u00edrius Thadeu Ferreira da Silva (UFRJ)<\/li><\/ul><p>\u00a0<\/p><p><strong>Depression Symptoms Identification through Social Media Data: Applying Design Science Research to Develop a Classification Model &#8211; Doutorado<\/strong><\/p><ul><li>Autor: Silas Lima Filho (UFRJ)<\/li><li>Orientadores: Monica da Silva e Jonice Oliveira Sampaio<\/li><\/ul><p>\u00a0<\/p><p><strong>Ado\u00e7\u00e3o de tecnologia computacional para o tratamento do Transtorno do D\u00e9ficit de Aten\u00e7\u00e3o com Hiperatividade (TDAH) &#8211; Doutorado<\/strong><\/p><ul><li>Autor: Renato Montale\u00e3o Brum Alves (UFRJ)<\/li><li>Orientadora: M\u00f4nica Silva (UFRJ)<\/li><\/ul>\t\t\t\t\t\t\t\t<\/div>\n\t\t\t\t<\/div>\n\t\t\t\t<div class=\"elementor-element elementor-element-286ffd9 elementor-widget elementor-widget-menu-anchor\" data-id=\"286ffd9\" data-element_type=\"widget\" data-e-type=\"widget\" data-widget_type=\"menu-anchor.default\">\n\t\t\t\t<div class=\"elementor-widget-container\">\n\t\t\t\t\t\t\t<div class=\"elementor-menu-anchor\" id=\"ctd02\"><\/div>\n\t\t\t\t\t\t<\/div>\n\t\t\t\t<\/div>\n\t\t\t\t<div class=\"elementor-element elementor-element-7e407fc elementor-widget elementor-widget-heading\" data-id=\"7e407fc\" data-element_type=\"widget\" data-e-type=\"widget\" data-widget_type=\"heading.default\">\n\t\t\t\t<div class=\"elementor-widget-container\">\n\t\t\t\t\t<h5 class=\"elementor-heading-title elementor-size-default\">Sess\u00e3o 2 - 30\/04 de 16:30 - 18:00<\/h5>\t\t\t\t<\/div>\n\t\t\t\t<\/div>\n\t\t\t\t<div class=\"elementor-element elementor-element-844c53e elementor-widget elementor-widget-text-editor\" data-id=\"844c53e\" data-element_type=\"widget\" data-e-type=\"widget\" data-widget_type=\"text-editor.default\">\n\t\t\t\t<div class=\"elementor-widget-container\">\n\t\t\t\t\t\t\t\t\t<p><strong>Comit\u00ea Colaborativo: o uso de um sistema colaborativo na elabora\u00e7\u00e3o de instrumentos legais participativos &#8211; Mestrado<\/strong> <\/p><ul><li>Autor: Jonas Paula (Universidade Federal de Itajub\u00e1)<\/li><li>Orientadora: Melise Paula (Universidade Federal de Itajuba)<\/li><\/ul><p>\u00a0<\/p><p><strong>Diretrizes para o Design de Visualiza\u00e7\u00f5es da Informa\u00e7\u00e3o: Uma Extens\u00e3o da Linguagem Simples para Gr\u00e1ficos mais Compreens\u00edveis &#8211; Mestrado<\/strong> <\/p><ul><li>Autor: Rodrigo Oliveira (UFF)<\/li><li>Orientadoras: Claudia Cappelli (UERJ) e Jonice Oliveira (UFRJ)<\/li><\/ul><p>\u00a0<\/p><p><strong>An\u00e1lise sobre Vi\u00e9s de G\u00eanero no Youtube: um Estudo sobre as Elei\u00e7\u00f5es de 2018 e 2022 &#8211; Mestrado<\/strong><\/p><ul><li>Autora: Andressa Kappaun (UFRJ)<\/li><li>Orientadora: Jonice Oliveira (UFRJ)<\/li><\/ul>\t\t\t\t\t\t\t\t<\/div>\n\t\t\t\t<\/div>\n\t\t\t\t<div class=\"elementor-element elementor-element-6d6e78b elementor-widget-divider--separator-type-pattern elementor-widget-divider--view-line elementor-widget elementor-widget-divider\" data-id=\"6d6e78b\" data-element_type=\"widget\" data-e-type=\"widget\" data-widget_type=\"divider.default\">\n\t\t\t\t<div class=\"elementor-widget-container\">\n\t\t\t\t\t\t\t<div class=\"elementor-divider\" style=\"--divider-pattern-url: url(&quot;data:image\/svg+xml,%3Csvg xmlns=&#039;http:\/\/www.w3.org\/2000\/svg&#039; preserveAspectRatio=&#039;none&#039; overflow=&#039;visible&#039; height=&#039;100%&#039; viewBox=&#039;0 0 24 24&#039; fill=&#039;none&#039; stroke=&#039;black&#039; stroke-width=&#039;1&#039; stroke-linecap=&#039;square&#039; stroke-miterlimit=&#039;10&#039;%3E%3Cpath d=&#039;M0,6c6,0,6,13,12,13S18,6,24,6&#039;\/%3E%3C\/svg%3E&quot;);\">\n\t\t\t<span class=\"elementor-divider-separator\">\n\t\t\t\t\t\t<\/span>\n\t\t<\/div>\n\t\t\t\t\t\t<\/div>\n\t\t\t\t<\/div>\n\t\t\t\t<div class=\"elementor-element elementor-element-cad10db elementor-widget elementor-widget-heading\" data-id=\"cad10db\" data-element_type=\"widget\" data-e-type=\"widget\" data-widget_type=\"heading.default\">\n\t\t\t\t<div class=\"elementor-widget-container\">\n\t\t\t\t\t<h4 class=\"elementor-heading-title elementor-size-default\">Trilha Colabora\u00e7\u00e3o, Sociedade e Extens\u00e3o\n<\/h4>\t\t\t\t<\/div>\n\t\t\t\t<\/div>\n\t\t\t\t<div class=\"elementor-element elementor-element-4d029e7 elementor-widget elementor-widget-menu-anchor\" data-id=\"4d029e7\" data-element_type=\"widget\" data-e-type=\"widget\" data-widget_type=\"menu-anchor.default\">\n\t\t\t\t<div class=\"elementor-widget-container\">\n\t\t\t\t\t\t\t<div class=\"elementor-menu-anchor\" id=\"sociedade01\"><\/div>\n\t\t\t\t\t\t<\/div>\n\t\t\t\t<\/div>\n\t\t\t\t<div class=\"elementor-element elementor-element-8c22ee3 elementor-widget elementor-widget-heading\" data-id=\"8c22ee3\" data-element_type=\"widget\" data-e-type=\"widget\" data-widget_type=\"heading.default\">\n\t\t\t\t<div class=\"elementor-widget-container\">\n\t\t\t\t\t<h5 class=\"elementor-heading-title elementor-size-default\">Sess\u00e3o t\u00e9cnica 1 - 02\/05 de 11:00 - 12:30<\/h5>\t\t\t\t<\/div>\n\t\t\t\t<\/div>\n\t\t\t\t<div class=\"elementor-element elementor-element-9109bf9 elementor-widget elementor-widget-text-editor\" data-id=\"9109bf9\" data-element_type=\"widget\" data-e-type=\"widget\" data-widget_type=\"text-editor.default\">\n\t\t\t\t<div class=\"elementor-widget-container\">\n\t\t\t\t\t\t\t\t\t<p><strong>Uma perspectiva de ensino-aprendizagem em Libras com aplicativo gratuito em projeto unificado na UFPel<\/strong><\/p><ul><li><span style=\"font-weight: 400;\">Franklin de Oliveira (Universidade Federal de Pelotas &#8211; Brazil),<\/span><\/li><li><span style=\"font-weight: 400;\">Dulcin\u00e9ia Santos (Universidade Federal de Pelotas &#8211; Brazil),<\/span><\/li><li><span style=\"font-weight: 400;\">Lucas Superti da Silva (Universidade Federal de Pelotas &#8211; Brazil),<\/span><\/li><li><span style=\"font-weight: 400;\">Rogers Rocha (Universidade Federal de Pelotas &#8211; Brazil)<\/span><\/li><\/ul><p>\u00a0<\/p><p><strong>UFRJ na Ci\u00eancia e Tecnologia: Colabora\u00e7\u00e3o entre Universidade, Territ\u00f3rio e Poder P\u00fablico em A\u00e7\u00f5es de Extens\u00e3o para o Desenvolvimento de Pol\u00edticas P\u00fablicas de Ci\u00eancia e Tecnologia para o Munic\u00edpio do Rio de Janeiro<\/strong><\/p><ul><li><span style=\"font-weight: 400;\">Luciana Brito (Universidade Federal do Rio de Janeiro &#8211; Brazil),<\/span><\/li><li><span style=\"font-weight: 400;\">Ang\u00e9lica Dias (Universidade Federal do Rio de Janeiro &#8211; Brazil),<\/span><\/li><li><span style=\"font-weight: 400;\">Juliana Fran\u00e7a (Universidade Federal do Rio de Janeiro &#8211; Brazil),<\/span><\/li><li><span style=\"font-weight: 400;\">Adriana Vivacqua (Universidade Federal do Rio de Janeiro (UFRJ) &#8211; Brazil)<\/span><\/li><\/ul><p>\u00a0<\/p><p><strong>Tecnologia Assistiva para Cegos: Desafios e Li\u00e7\u00f5es Aprendidas na Colabora\u00e7\u00e3o T\u00e9cnica e Universit\u00e1ria<\/strong><\/p><ul><li><span style=\"font-weight: 400;\">Aida Ferreira (IFPE &#8211; Brazil),<\/span><\/li><li><span style=\"font-weight: 400;\">Gilmar Brito (IFPE ),<\/span><\/li><li><span style=\"font-weight: 400;\">Carlos Barros (UNICAP &#8211; Universidade Cat\u00f3lica de Pernambuco &#8211; Brazil),<\/span><\/li><li><span style=\"font-weight: 400;\">V\u00e2nia Carvalho (Federal Institute of Pernambuco &#8211; Brazil),<\/span><\/li><li><span style=\"font-weight: 400;\">Caroline Nascimento (Federal Institute of Pernambuco &#8211; Brazil),<\/span><\/li><li><span style=\"font-weight: 400;\">Isaque Domingos Santana Silva Isaque (IFPE campus recife &#8211; Brazil),<\/span><\/li><li><span style=\"font-weight: 400;\">Jailson Pessoa de Souza J\u00fanior (IFPE &#8211; Brazil),<\/span><\/li><li><span style=\"font-weight: 400;\">Allamy Monteiro (IFPE )<\/span><\/li><\/ul><p>\u00a0<\/p><p><strong>Promovendo a Autonomia de Cegos &#8211; Desafios e Li\u00e7\u00f5es Aprendidas na Colabora\u00e7\u00e3o para o Desenvolvimento de um Sistema Inteligente para Monitorar Odores<\/strong><\/p><ul><li><span style=\"font-weight: 400;\">Aida Ferreira (IFPE &#8211; Brazil),<\/span><\/li><li><span style=\"font-weight: 400;\">Gilmar Brito (IFPE ),<\/span><\/li><li><span style=\"font-weight: 400;\">Romero Assis (Federal Institute of Pernambuco &#8211; Brazil),<\/span><\/li><li><span style=\"font-weight: 400;\">Niviane Silva (IFPE ),<\/span><\/li><li><span style=\"font-weight: 400;\">Julia Didra (IFPE ),<\/span><\/li><li><span style=\"font-weight: 400;\">Carla Maria (IFPE ),<\/span><\/li><li><span style=\"font-weight: 400;\">Rebeca Beatriz de Luna (IFPE ),<\/span><\/li><li><span style=\"font-weight: 400;\">Iona Barbosa (IFPE )<\/span><\/li><\/ul><p>\u00a0<\/p><p><strong>Democratiza\u00e7\u00e3o da alimenta\u00e7\u00e3o escolar a partir de um prot\u00f3tipo open-source, colaborativo, baseado em PWA<\/strong><\/p><ul><li><span style=\"font-weight: 400;\">Hilson G. V. de Andrade (Universidade de Pernambuco &#8211; Brazil),<\/span><\/li><li><span style=\"font-weight: 400;\">Aida Ferreira (IFPE &#8211; Brazil),<\/span><\/li><li><span style=\"font-weight: 400;\">Welton Pereira da Luz Felix (UFPE &#8211; Brazil),<\/span><\/li><li><span style=\"font-weight: 400;\">Geovanna Leite (IFPE &#8211; Brazil),<\/span><\/li><li><span style=\"font-weight: 400;\">Gabriel Soares (UNICAMP &#8211; Brazil),<\/span><\/li><li><span style=\"font-weight: 400;\">Edson Carvalho (IFPE &#8211; Brazil)<\/span><\/li><\/ul><p>\u00a0<\/p><p><strong>Colabora: um programa de extens\u00e3o universit\u00e1ria para fomentar a inclus\u00e3o social<\/strong><\/p><ul><li><span style=\"font-weight: 400;\">Carla Berkenbrock (Universidade do Estado de Santa Catarina &#8211; UDESC &#8211; Brazil),<\/span><\/li><li><span style=\"font-weight: 400;\">Fab\u00edola Sell (Udesc &#8211; Brazil),<\/span><\/li><li><span style=\"font-weight: 400;\">Gian Berkenbrock (Universidade Federal de Santa Catarina &#8211; Brazil),<\/span><\/li><li><span style=\"font-weight: 400;\">Rafael Morais (Universidade do Estado de Santa Catarina &#8211; UDESC &#8211; Brazil)<\/span><\/li><\/ul><p>\u00a0<\/p><p><strong>Expans\u00e3o do Caf\u00e9 com Agroecologia de MG para o RS: metodologias colaborativas em interface com o ensino e a extens\u00e3o<\/strong><\/p><ul><li><span style=\"font-weight: 400;\">Dulcin\u00e9ia Santos (Universidade Federal de Pelotas &#8211; Brazil),<\/span><\/li><li><span style=\"font-weight: 400;\">Franklin de Oliveira (Universidade Federal de Pelotas &#8211; Brazil),<\/span><\/li><li><span style=\"font-weight: 400;\">Tayanne Costa Silva (Universidade Federal de Pelotas &#8211; Brazil),<\/span><\/li><li><span style=\"font-weight: 400;\">Elizangela da Silva Miguel (Universidade Federal de Vi\u00e7osa &#8211; Brazil)<\/span><\/li><\/ul><p>\u00a0<\/p><p><strong>StoryGirl na Pr\u00e1tica: Um relato de experi\u00eancia sobre as pr\u00e1ticas colaborativas no projeto de extens\u00e3o<\/strong><\/p><ul><li><span style=\"font-weight: 400;\">Andreza Santos (Universidade Federal do Rio de Janeiro &#8211; Brazil),<\/span><\/li><li><span style=\"font-weight: 400;\">Ana Clara de Oliveira (University of Rio de Janeiro &#8211; Brazil),<\/span><\/li><li><span style=\"font-weight: 400;\">Ang\u00e9lica Dias (Universidade Federal do Rio de Janeiro &#8211; Brazil),<\/span><\/li><li><span style=\"font-weight: 400;\">Juliana Fran\u00e7a (Universidade Federal do Rio de Janeiro &#8211; Brazil)<\/span><\/li><\/ul><p>\u00a0<\/p><p><strong>Inova\u00e7\u00e3o no Desenvolvimento de um Fot\u00f4metro LED para Monitoramento de Poluentes Ambientais em \u00c1gua ? uma Abordagem a Partir da Colabora\u00e7\u00e3o com o Programa Futuras Cientistas<\/strong><\/p><ul><li><span style=\"font-weight: 400;\">Romero Assis (Federal Institute of Pernambuco &#8211; Brazil),<\/span><\/li><li><span style=\"font-weight: 400;\">Aida Ferreira (IFPE &#8211; Brazil),<\/span><\/li><li><span style=\"font-weight: 400;\">Gilmar Brito (IFPE ),<\/span><\/li><li><span style=\"font-weight: 400;\">Maria L\u00facia de Melo e Lima (Instituto Federal de Pernambuco &#8211; Brazil),<\/span><\/li><li><span style=\"font-weight: 400;\">Arthur Luz (Instituto Federal de Educa\u00e7\u00e3o, Ci\u00eancia e Tecnologia de Pernambuco &#8211; Campus Recife &#8211; Brazil),<\/span><\/li><li><span style=\"font-weight: 400;\">Mirella Santana (Instituto Federal de Pernambuco &#8211; Brazil),<\/span><\/li><li><span style=\"font-weight: 400;\">Priscilla Botelho,<\/span><\/li><li><span style=\"font-weight: 400;\">Crystian Silva (IFPE Campus Recife &#8211; Brazil)<\/span><\/li><\/ul>\t\t\t\t\t\t\t\t<\/div>\n\t\t\t\t<\/div>\n\t\t\t\t<div class=\"elementor-element elementor-element-aadd0be elementor-widget elementor-widget-menu-anchor\" data-id=\"aadd0be\" data-element_type=\"widget\" data-e-type=\"widget\" data-widget_type=\"menu-anchor.default\">\n\t\t\t\t<div class=\"elementor-widget-container\">\n\t\t\t\t\t\t\t<div class=\"elementor-menu-anchor\" id=\"sociedade02\"><\/div>\n\t\t\t\t\t\t<\/div>\n\t\t\t\t<\/div>\n\t\t\t\t<div class=\"elementor-element elementor-element-c0bae19 elementor-widget elementor-widget-heading\" data-id=\"c0bae19\" data-element_type=\"widget\" data-e-type=\"widget\" data-widget_type=\"heading.default\">\n\t\t\t\t<div class=\"elementor-widget-container\">\n\t\t\t\t\t<h5 class=\"elementor-heading-title elementor-size-default\">Sess\u00e3o t\u00e9cnica 2 - 02\/05 de 16:30 - 18:00<\/h5>\t\t\t\t<\/div>\n\t\t\t\t<\/div>\n\t\t\t\t<div class=\"elementor-element elementor-element-b25ae5f elementor-widget elementor-widget-text-editor\" data-id=\"b25ae5f\" data-element_type=\"widget\" data-e-type=\"widget\" data-widget_type=\"text-editor.default\">\n\t\t\t\t<div class=\"elementor-widget-container\">\n\t\t\t\t\t\t\t\t\t<p><strong>Uma abordagem extensionista para o desenvolvimento de sistemas de irriga\u00e7\u00e3o e rob\u00f4s m\u00f3veis no agroneg\u00f3cio<\/strong><\/p><ul><li><span style=\"font-weight: 400;\">Kevin dos Santos (Universidade Federal do Rec\u00f4ncavo da Bahia &#8211; Brazil),<\/span><\/li><li><span style=\"font-weight: 400;\">Andr\u00e9 Luiz Ottoni (Universidade Federal do Rec\u00f4ncavo da Bahia &#8211; Brazil)<\/span><\/li><\/ul><p>\u00a0<\/p><p><strong>PIDS: Projetos Integradores em Desenvolvimento de Software como Pr\u00e1tica Colaborativa na Curriculariza\u00e7\u00e3o da Extens\u00e3o<\/strong><\/p><ul><li><span style=\"font-weight: 400;\">Dariane Abich (Instituto Federal Farroupilha &#8211; Brazil),<\/span><\/li><li><span style=\"font-weight: 400;\">Bruno Oliveira Cavalheiro (Pontif\u00edcia Universidade Cat\u00f3lica do Rio Grande do Sul &#8211; Brazil),<\/span><\/li><li><span style=\"font-weight: 400;\">Rafael Parizi (Instituto Federal Farroupilha &#8211; Brazil)<\/span><\/li><\/ul><p>\u00a0<\/p><p><strong>Intelig\u00eancia geogr\u00e1fica conectando pessoas com defici\u00eancia ao sistema de transporte p\u00fablico na Regi\u00e3o Metropolitana do Recife<\/strong><\/p><ul><li><span style=\"font-weight: 400;\">Artur Machado (IFPE &#8211; CAMPUS RECIFE ),<\/span><\/li><li><span style=\"font-weight: 400;\">Bruno Bione (Instituto Federal de Pernambuco &#8211; Brazil),<\/span><\/li><li><span style=\"font-weight: 400;\">Iona Barbosa (IFPE ),<\/span><\/li><li><span style=\"font-weight: 400;\">Aida Ferreira (IFPE &#8211; Brazil),<\/span><\/li><li><span style=\"font-weight: 400;\">V\u00e2nia Carvalho (Federal Institute of Pernambuco &#8211; Brazil),<\/span><\/li><li><span style=\"font-weight: 400;\">Gilmar Brito (IFPE )<\/span><\/li><\/ul><p>\u00a0<\/p><p><strong>Dispositivo para apoio \u00e0 acessibilidade de pessoas com defici\u00eancia ao transporte p\u00fablico<\/strong><\/p><ul><li><span style=\"font-weight: 400;\">Bruno Bione (Instituto Federal de Pernambuco &#8211; Brazil),<\/span><\/li><li><span style=\"font-weight: 400;\">Artur Machado (IFPE &#8211; CAMPUS RECIFE),<\/span><\/li><li><span style=\"font-weight: 400;\">Iona Barbosa (IFPE ),<\/span><\/li><li><span style=\"font-weight: 400;\">Aida Ferreira (IFPE &#8211; Brazil),<\/span><\/li><li><span style=\"font-weight: 400;\">V\u00e2nia Carvalho (Federal Institute of Pernambuco &#8211; Brazil),<\/span><\/li><li><span style=\"font-weight: 400;\">Gilmar Brito (IFPE )<\/span><\/li><\/ul><p>\u00a0<\/p><p><strong>O uso excessivo dos smartphones pelos jovens torna o aprendizado em inform\u00e1tica b\u00e1sica garantido? Um estudo de caso com alunos do ensino m\u00e9dio da cidade de Oriximin\u00e1-Par\u00e1<\/strong><\/p><ul><li><span style=\"font-weight: 400;\">Eliene Santos (UFOPA Oriximin\u00e1 &#8211; Brazil),<\/span><\/li><li><span style=\"font-weight: 400;\">Queilane Cardoso (UFOPA Oriximina &#8211; Brazil),<\/span><\/li><li><span style=\"font-weight: 400;\">Ra\u00edssa Katrine Serr\u00e3o (Universidade Federal do Oeste do Par\u00e1 &#8211; Brazil),<\/span><\/li><li><span style=\"font-weight: 400;\">Flavia Pessoa Monteiro (Universidade Federal do Oeste do Par\u00e1 &#8211; Brazil)<\/span><\/li><\/ul><p>\u00a0<\/p><p><strong>Cidadania digital na Amaz\u00f4nia: Experi\u00eancias de a\u00e7\u00f5es voltadas para adultos e idosos da comunidade remanescente de quilombo do Aracuan de Baixo<\/strong><\/p><ul><li><span style=\"font-weight: 400;\">Ra\u00edssa Katrine Serr\u00e3o (Universidade Federal do Oeste do Par\u00e1 &#8211; Brazil),<\/span><\/li><li><span style=\"font-weight: 400;\">Neidiane Soares (Universidade Federal do Oeste do Par\u00e1 &#8211; Brazil),<\/span><\/li><li><span style=\"font-weight: 400;\">Flavia Pessoa Monteiro (Universidade Federal do Oeste do Par\u00e1 &#8211; Brazil),<\/span><\/li><li><span style=\"font-weight: 400;\">Eliene Santos (UFOPA Oriximin\u00e1 &#8211; Brazil),<\/span><\/li><li><span style=\"font-weight: 400;\">Carlos Savio Sarubi de Souza (Universidade Federal do Oeste do Par\u00e1 &#8211; Brazil),<\/span><\/li><li><span style=\"font-weight: 400;\">Caroline Cruz da Silva (Universidade Federal do Oeste do Par\u00e1 &#8211; Brazil)<\/span><\/li><\/ul><p>\u00a0<\/p><p><strong>O desafio da forma\u00e7\u00e3o extensionista para uma colabora\u00e7\u00e3o potencialmente transformadora<\/strong><\/p><ul><li><span style=\"font-weight: 400;\">Ecivaldo Matos (Universidade de S\u00e3o Paulo &#8211; Brazil),<\/span><\/li><li><span style=\"font-weight: 400;\">D\u00e9bora Abdalla (UFBA &#8211; Brazil),<\/span><\/li><li><span style=\"font-weight: 400;\">Juliana Santos (Universidade Federal da Bahia &#8211; Brazil)<\/span><\/li><\/ul><p>\u00a0<\/p><p><strong>Desafios e li\u00e7\u00f5es aprendidas no fazer extensionista para uma colabora\u00e7\u00e3o transformadora e interdisciplinar na \u00e1rea de Computa\u00e7\u00e3o<\/strong><\/p><ul><li><span style=\"font-weight: 400;\">Juliana Santos (Universidade Federal da Bahia &#8211; Brazil),<\/span><\/li><li><span style=\"font-weight: 400;\">D\u00e9bora Abdalla (UFBA &#8211; Brazil),<\/span><\/li><li><span style=\"font-weight: 400;\">Ecivaldo Matos (Universidade de S\u00e3o Paulo &#8211; Brazil)<\/span><\/li><\/ul>\t\t\t\t\t\t\t\t<\/div>\n\t\t\t\t<\/div>\n\t\t\t\t<div class=\"elementor-element elementor-element-7920ad5 elementor-widget-divider--separator-type-pattern elementor-widget-divider--view-line elementor-widget elementor-widget-divider\" data-id=\"7920ad5\" data-element_type=\"widget\" data-e-type=\"widget\" data-widget_type=\"divider.default\">\n\t\t\t\t<div class=\"elementor-widget-container\">\n\t\t\t\t\t\t\t<div class=\"elementor-divider\" style=\"--divider-pattern-url: url(&quot;data:image\/svg+xml,%3Csvg xmlns=&#039;http:\/\/www.w3.org\/2000\/svg&#039; preserveAspectRatio=&#039;none&#039; overflow=&#039;visible&#039; height=&#039;100%&#039; viewBox=&#039;0 0 24 24&#039; fill=&#039;none&#039; stroke=&#039;black&#039; stroke-width=&#039;1&#039; stroke-linecap=&#039;square&#039; stroke-miterlimit=&#039;10&#039;%3E%3Cpath d=&#039;M0,6c6,0,6,13,12,13S18,6,24,6&#039;\/%3E%3C\/svg%3E&quot;);\">\n\t\t\t<span class=\"elementor-divider-separator\">\n\t\t\t\t\t\t<\/span>\n\t\t<\/div>\n\t\t\t\t\t\t<\/div>\n\t\t\t\t<\/div>\n\t\t\t\t<div class=\"elementor-element elementor-element-5d8d9b4 elementor-widget elementor-widget-menu-anchor\" data-id=\"5d8d9b4\" data-element_type=\"widget\" data-e-type=\"widget\" data-widget_type=\"menu-anchor.default\">\n\t\t\t\t<div class=\"elementor-widget-container\">\n\t\t\t\t\t\t\t<div class=\"elementor-menu-anchor\" id=\"industria01\"><\/div>\n\t\t\t\t\t\t<\/div>\n\t\t\t\t<\/div>\n\t\t\t\t<div class=\"elementor-element elementor-element-53176a9 elementor-widget elementor-widget-heading\" data-id=\"53176a9\" data-element_type=\"widget\" data-e-type=\"widget\" data-widget_type=\"heading.default\">\n\t\t\t\t<div class=\"elementor-widget-container\">\n\t\t\t\t\t<h4 class=\"elementor-heading-title elementor-size-default\">Trilha Colabora\u00e7\u00e3o na Pr\u00e1tica (Ind\u00fastria)\n<\/h4>\t\t\t\t<\/div>\n\t\t\t\t<\/div>\n\t\t\t\t<div class=\"elementor-element elementor-element-fdcaec7 elementor-widget elementor-widget-heading\" data-id=\"fdcaec7\" data-element_type=\"widget\" data-e-type=\"widget\" data-widget_type=\"heading.default\">\n\t\t\t\t<div class=\"elementor-widget-container\">\n\t\t\t\t\t<h5 class=\"elementor-heading-title elementor-size-default\">01\/05 de 11:00 - 12:30<\/h5>\t\t\t\t<\/div>\n\t\t\t\t<\/div>\n\t\t\t\t<div class=\"elementor-element elementor-element-86d8cbb elementor-widget elementor-widget-text-editor\" data-id=\"86d8cbb\" data-element_type=\"widget\" data-e-type=\"widget\" data-widget_type=\"text-editor.default\">\n\t\t\t\t<div class=\"elementor-widget-container\">\n\t\t\t\t\t\t\t\t\t<p><strong>Metodologia colaborativa para captura de problemas de Qualidade de Dados no \u00e2mbito da ind\u00fastria de Petr\u00f3leo e G\u00e1s<\/strong><\/p><ul><li style=\"font-weight: 400;\" aria-level=\"1\"><span style=\"font-weight: 400;\">Kellyne Marques Santos (Petrobras &#8211; Brazil),<\/span><\/li><li style=\"font-weight: 400;\" aria-level=\"1\"><span style=\"font-weight: 400;\">Rodrigo Moreira Araujo (Petrobras &#8211; Brazil)<\/span><\/li><\/ul><p>\u00a0<\/p><p><strong>Uma estrat\u00e9gia para facilitar a ado\u00e7\u00e3o de OKRs em equipes remotas: da teoria \u00e0 pr\u00e1tica<\/strong><\/p><ul><li style=\"font-weight: 400;\" aria-level=\"1\"><span style=\"font-weight: 400;\">Thayssa Rocha (UFPA &#8211; Brazil),<\/span><\/li><li style=\"font-weight: 400;\" aria-level=\"1\"><span style=\"font-weight: 400;\">Raphael Freitas (ZUP Innovation &#8211; Brazil),<\/span><\/li><li style=\"font-weight: 400;\" aria-level=\"1\"><span style=\"font-weight: 400;\">Joseane Santos (ZUP Innovation &#8211; Brazil)<\/span><\/li><\/ul><p>\u00a0<\/p><p><strong>Solu\u00e7\u00f5es e desafios: m\u00e9todos \u00e1geis na pesquisa colaborativa entre universidade e ind\u00fastria<\/strong><\/p><ul><li style=\"font-weight: 400;\" aria-level=\"1\"><span style=\"font-weight: 400;\">Thamires Coutinho (Universidade Federal da Bahia &#8211; Brazil),<\/span><\/li><li style=\"font-weight: 400;\" aria-level=\"1\"><span style=\"font-weight: 400;\">Leandro Andrade (Universidade Federal da Bahia &#8211; Brazil),<\/span><\/li><li style=\"font-weight: 400;\" aria-level=\"1\"><span style=\"font-weight: 400;\">Cleber Jorge De Santana (IFBA &#8211; Brazil)<\/span><\/li><\/ul><p>\u00a0<\/p><p><strong>Uma experi\u00eancia exitosa na educa\u00e7\u00e3o especial e inclusiva: o curso de extens\u00e3o do IFRJ campus Belford Roxo<\/strong><\/p><ul><li style=\"font-weight: 400;\" aria-level=\"1\"><span style=\"font-weight: 400;\">Cassiano Luiz Santos (Instituto Federal do Rio de Janeiro &#8211; Brazil),<\/span><\/li><li style=\"font-weight: 400;\" aria-level=\"1\"><span style=\"font-weight: 400;\">Aline dos Anjos Guimar\u00e3es (Samim &#8211; Brazil),<\/span><\/li><li style=\"font-weight: 400;\" aria-level=\"1\"><span style=\"font-weight: 400;\">Priscila da Costa (Scovino &#8211; Brazil)<\/span><\/li><\/ul><p>\u00a0<\/p><p><strong>Ataques Cibern\u00e9ticos em Setores Cr\u00edticos: Ambientes Colaborativos para a Seguran\u00e7a da Sociedade e Organiza\u00e7\u00f5es<\/strong><\/p><ul><li style=\"font-weight: 400;\" aria-level=\"1\"><span style=\"font-weight: 400;\">Daniele Sucena (Universidade Federal do Rio de Janeiro &#8211; Brazil),<\/span><\/li><li style=\"font-weight: 400;\" aria-level=\"1\"><span style=\"font-weight: 400;\">Lillian Rosemback (Universidade Federal Fluminense &#8211; Brazil),<\/span><\/li><li style=\"font-weight: 400;\" aria-level=\"1\"><span style=\"font-weight: 400;\">Marcos Antonio Gomes Xavier (Universidade Federal do Rio de Janeiro &#8211; Brazil),<\/span><\/li><li style=\"font-weight: 400;\" aria-level=\"1\"><span style=\"font-weight: 400;\">Paulo Carvalho (UFRJ &#8211; Brazil),<\/span><\/li><li style=\"font-weight: 400;\" aria-level=\"1\"><span style=\"font-weight: 400;\">Alessandro Jatob\u00e1 (Fiocruz, UniCarioca &#8211; Brazil),<\/span><\/li><li style=\"font-weight: 400;\" aria-level=\"1\"><span style=\"font-weight: 400;\">Richard Guedes (Universidad Europea del Atl\u00e1ntico &#8211; Brazil)<\/span><\/li><\/ul><p>\u00a0<\/p><p><strong>Utilizando a teoria de ado\u00e7\u00e3o da inova\u00e7\u00e3o para disseminar o uso do Stackspot AI em equipes remotas<\/strong><\/p><ul><li style=\"font-weight: 400;\" aria-level=\"1\"><span style=\"font-weight: 400;\">Thayssa Rocha (UFPA &#8211; Brazil),<\/span><\/li><li style=\"font-weight: 400;\" aria-level=\"1\"><span style=\"font-weight: 400;\">Gustavo Pinto (Federal University of Par\u00e1 &#8211; Brazil),<\/span><\/li><li style=\"font-weight: 400;\" aria-level=\"1\"><span style=\"font-weight: 400;\">Cleidson de Souza (UFPA &#8211; Brazil),<\/span><\/li><li style=\"font-weight: 400;\" aria-level=\"1\"><span style=\"font-weight: 400;\">Marcelle Mota (Universidade Federal do Par\u00e1 &#8211; Brazil)<\/span><\/li><\/ul>\t\t\t\t\t\t\t\t<\/div>\n\t\t\t\t<\/div>\n\t\t\t\t<div class=\"elementor-element elementor-element-b7dbae6 elementor-widget-divider--separator-type-pattern elementor-widget-divider--view-line elementor-widget elementor-widget-divider\" data-id=\"b7dbae6\" data-element_type=\"widget\" data-e-type=\"widget\" data-widget_type=\"divider.default\">\n\t\t\t\t<div class=\"elementor-widget-container\">\n\t\t\t\t\t\t\t<div class=\"elementor-divider\" style=\"--divider-pattern-url: url(&quot;data:image\/svg+xml,%3Csvg xmlns=&#039;http:\/\/www.w3.org\/2000\/svg&#039; preserveAspectRatio=&#039;none&#039; overflow=&#039;visible&#039; height=&#039;100%&#039; viewBox=&#039;0 0 24 24&#039; fill=&#039;none&#039; stroke=&#039;black&#039; stroke-width=&#039;1&#039; stroke-linecap=&#039;square&#039; stroke-miterlimit=&#039;10&#039;%3E%3Cpath d=&#039;M0,6c6,0,6,13,12,13S18,6,24,6&#039;\/%3E%3C\/svg%3E&quot;);\">\n\t\t\t<span class=\"elementor-divider-separator\">\n\t\t\t\t\t\t<\/span>\n\t\t<\/div>\n\t\t\t\t\t\t<\/div>\n\t\t\t\t<\/div>\n\t\t\t\t<div class=\"elementor-element elementor-element-dcbe377 elementor-widget elementor-widget-menu-anchor\" data-id=\"dcbe377\" data-element_type=\"widget\" data-e-type=\"widget\" data-widget_type=\"menu-anchor.default\">\n\t\t\t\t<div class=\"elementor-widget-container\">\n\t\t\t\t\t\t\t<div class=\"elementor-menu-anchor\" id=\"internacionais01\"><\/div>\n\t\t\t\t\t\t<\/div>\n\t\t\t\t<\/div>\n\t\t\t\t<div class=\"elementor-element elementor-element-cdd00bd elementor-widget elementor-widget-heading\" data-id=\"cdd00bd\" data-element_type=\"widget\" data-e-type=\"widget\" data-widget_type=\"heading.default\">\n\t\t\t\t<div class=\"elementor-widget-container\">\n\t\t\t\t\t<h4 class=\"elementor-heading-title elementor-size-default\">Trilha de Artigos Internacionais\n<\/h4>\t\t\t\t<\/div>\n\t\t\t\t<\/div>\n\t\t\t\t<div class=\"elementor-element elementor-element-edfeff9 elementor-widget elementor-widget-heading\" data-id=\"edfeff9\" data-element_type=\"widget\" data-e-type=\"widget\" data-widget_type=\"heading.default\">\n\t\t\t\t<div class=\"elementor-widget-container\">\n\t\t\t\t\t<h5 class=\"elementor-heading-title elementor-size-default\">03\/05 de 11:00 - 12:30<\/h5>\t\t\t\t<\/div>\n\t\t\t\t<\/div>\n\t\t\t\t<div class=\"elementor-element elementor-element-e3ba36f elementor-widget elementor-widget-text-editor\" data-id=\"e3ba36f\" data-element_type=\"widget\" data-e-type=\"widget\" data-widget_type=\"text-editor.default\">\n\t\t\t\t<div class=\"elementor-widget-container\">\n\t\t\t\t\t\t\t\t\t<p><strong>Participa\u00e7\u00e3o em microtarefas crowdsourcing: o que motiva os idosos Brasileiros?<\/strong><\/p><ul><li style=\"font-weight: 400;\" aria-level=\"1\"><span style=\"font-weight: 400;\">Ana Maria Amorim &#8211; Universidade Federal da Bahia &#8211; UFBA<\/span><\/li><li style=\"font-weight: 400;\" aria-level=\"1\"><span style=\"font-weight: 400;\">Vaninha Vieira &#8211; Universidade Federal da Bahia &#8211; UFBA<\/span><\/li><\/ul><p>\u00a0<\/p><p><strong>VISHnu: uma abordagem para apoiar a personaliza\u00e7\u00e3o de avatares autoexpressivos usando sensibilidade ao contexto<\/strong><\/p><ul><li style=\"font-weight: 400;\" aria-level=\"1\"><span style=\"font-weight: 400;\">Ailton Ribeiro &#8211; Programa de p\u00f3s-gradua\u00e7\u00e3o em Ci\u00eancia da Computa\u00e7\u00e3o, Universidade Federal da Bahia (UFBA)<\/span><\/li><li style=\"font-weight: 400;\" aria-level=\"1\"><span style=\"font-weight: 400;\">Vaninha Vieira -Instituto de Computa\u00e7\u00e3o, Universidade Federal da Bahia (UFBA)<\/span><\/li><li style=\"font-weight: 400;\" aria-level=\"1\"><span style=\"font-weight: 400;\">Lynn Alves &#8211; Instituto de Humanidades, Artes e Ci\u00eancias, Universidade Federal da Bahia (UFBA)<\/span><\/li><li style=\"font-weight: 400;\" aria-level=\"1\"><span style=\"font-weight: 400;\">Cristiano Maciel &#8211; Instituto de Computa\u00e7\u00e3o, Universidade Federal do Mato Grosso (UFMT)<\/span><\/li><\/ul>\t\t\t\t\t\t\t\t<\/div>\n\t\t\t\t<\/div>\n\t\t\t\t\t<\/div>\n\t\t<\/div>\n\t\t\t\t<div class=\"elementor-column elementor-col-50 elementor-top-column elementor-element elementor-element-a9a3c78\" data-id=\"a9a3c78\" data-element_type=\"column\" data-e-type=\"column\">\n\t\t\t<div class=\"elementor-widget-wrap elementor-element-populated\">\n\t\t\t\t\t\t<div class=\"elementor-element elementor-element-7dc60d8 elementor-widget elementor-widget-heading\" data-id=\"7dc60d8\" data-element_type=\"widget\" data-e-type=\"widget\" data-widget_type=\"heading.default\">\n\t\t\t\t<div class=\"elementor-widget-container\">\n\t\t\t\t\t<h4 class=\"elementor-heading-title elementor-size-default\">Publica\u00e7\u00e3o dos Artigos<\/h4>\t\t\t\t<\/div>\n\t\t\t\t<\/div>\n\t\t\t\t<div class=\"elementor-element elementor-element-c71741a elementor-widget elementor-widget-text-editor\" data-id=\"c71741a\" data-element_type=\"widget\" data-e-type=\"widget\" data-widget_type=\"text-editor.default\">\n\t\t\t\t<div class=\"elementor-widget-container\">\n\t\t\t\t\t\t\t\t\t<p>Os artigos aceitos s\u00e3o publicados nos anais do evento e ser\u00e3o indexados na <a class=\"green-link\" href=\"https:\/\/sol.sbc.org.br\/index.php\/indice\">SBC OpenLib<\/a>.<\/p>\t\t\t\t\t\t\t\t<\/div>\n\t\t\t\t<\/div>\n\t\t\t\t<div class=\"elementor-element elementor-element-d485d0d elementor-widget elementor-widget-heading\" data-id=\"d485d0d\" data-element_type=\"widget\" data-e-type=\"widget\" data-widget_type=\"heading.default\">\n\t\t\t\t<div class=\"elementor-widget-container\">\n\t\t\t\t\t<h4 class=\"elementor-heading-title elementor-size-default\">Anais do SBSC<\/h4>\t\t\t\t<\/div>\n\t\t\t\t<\/div>\n\t\t\t\t<div class=\"elementor-element elementor-element-8098f5c elementor-align-left elementor-widget elementor-widget-button\" data-id=\"8098f5c\" data-element_type=\"widget\" data-e-type=\"widget\" data-widget_type=\"button.default\">\n\t\t\t\t<div class=\"elementor-widget-container\">\n\t\t\t\t\t\t\t\t\t<div class=\"elementor-button-wrapper\">\n\t\t\t\t\t<a class=\"elementor-button elementor-button-link elementor-size-sm elementor-animation-grow\" href=\"https:\/\/sol.sbc.org.br\/index.php\/sbsc\">\n\t\t\t\t\t\t<span class=\"elementor-button-content-wrapper\">\n\t\t\t\t\t\t<span class=\"elementor-button-icon\">\n\t\t\t\t<i aria-hidden=\"true\" class=\"fas fa-arrow-right\"><\/i>\t\t\t<\/span>\n\t\t\t\t\t\t\t\t\t<span class=\"elementor-button-text\">Acesse os anais do SBSC<\/span>\n\t\t\t\t\t<\/span>\n\t\t\t\t\t<\/a>\n\t\t\t\t<\/div>\n\t\t\t\t\t\t\t\t<\/div>\n\t\t\t\t<\/div>\n\t\t\t\t\t<\/div>\n\t\t<\/div>\n\t\t\t\t\t<\/div>\n\t\t<\/section>\n\t\t\t\t<\/div>\n\t\t","protected":false},"excerpt":{"rendered":"<p>Artigos Aceitos Trilha de Pesquisa Sess\u00e3o t\u00e9cnica 1 &#8211; 30\/04 de 11:00 &#8211; 12:30 Revis\u00e3o R\u00e1pida sobre Vieses em Chatbots &#8211; Uma an\u00e1lise sobre tipos de vieses, impactos e formas de lidar Thiago Ribeiro (UNIRIO &#8211; Brasil) Sean Siqueira (Universidade Federal do Estado do Rio de Janeiro (UNIRIO) &#8211; Brasil) Maira Gatti de Bayser (YDUQS, [&hellip;]<\/p>\n","protected":false},"author":3,"featured_media":0,"parent":0,"menu_order":0,"comment_status":"closed","ping_status":"closed","template":"","meta":{"om_disable_all_campaigns":false,"_monsterinsights_skip_tracking":false,"_monsterinsights_sitenote_active":false,"_monsterinsights_sitenote_note":"","_monsterinsights_sitenote_category":0,"_uf_show_specific_survey":0,"_uf_disable_surveys":false,"footnotes":""},"class_list":["post-881","page","type-page","status-publish","hentry"],"aioseo_notices":[],"_links":{"self":[{"href":"https:\/\/sbsc.sbc.org.br\/2024\/wp-json\/wp\/v2\/pages\/881","targetHints":{"allow":["GET"]}}],"collection":[{"href":"https:\/\/sbsc.sbc.org.br\/2024\/wp-json\/wp\/v2\/pages"}],"about":[{"href":"https:\/\/sbsc.sbc.org.br\/2024\/wp-json\/wp\/v2\/types\/page"}],"author":[{"embeddable":true,"href":"https:\/\/sbsc.sbc.org.br\/2024\/wp-json\/wp\/v2\/users\/3"}],"replies":[{"embeddable":true,"href":"https:\/\/sbsc.sbc.org.br\/2024\/wp-json\/wp\/v2\/comments?post=881"}],"version-history":[{"count":49,"href":"https:\/\/sbsc.sbc.org.br\/2024\/wp-json\/wp\/v2\/pages\/881\/revisions"}],"predecessor-version":[{"id":1183,"href":"https:\/\/sbsc.sbc.org.br\/2024\/wp-json\/wp\/v2\/pages\/881\/revisions\/1183"}],"wp:attachment":[{"href":"https:\/\/sbsc.sbc.org.br\/2024\/wp-json\/wp\/v2\/media?parent=881"}],"curies":[{"name":"wp","href":"https:\/\/api.w.org\/{rel}","templated":true}]}}