{"id":44,"date":"2023-08-15T19:33:43","date_gmt":"2023-08-15T22:33:43","guid":{"rendered":"https:\/\/sbsc.sbc.org.br\/2024\/?page_id=44"},"modified":"2024-04-24T14:11:10","modified_gmt":"2024-04-24T17:11:10","slug":"local","status":"publish","type":"page","link":"https:\/\/sbsc.sbc.org.br\/2024\/local\/","title":{"rendered":"Local"},"content":{"rendered":"\t\t<div data-elementor-type=\"wp-page\" data-elementor-id=\"44\" class=\"elementor elementor-44\">\n\t\t\t\t\t\t<section class=\"elementor-section elementor-top-section elementor-element elementor-element-09725ac elementor-section-height-min-height elementor-section-boxed elementor-section-height-default elementor-section-items-middle\" data-id=\"09725ac\" data-element_type=\"section\" data-e-type=\"section\" data-settings=\"{&quot;background_background&quot;:&quot;classic&quot;,&quot;shape_divider_top&quot;:&quot;mountains&quot;,&quot;shape_divider_bottom&quot;:&quot;waves&quot;,&quot;shape_divider_bottom_negative&quot;:&quot;yes&quot;}\">\n\t\t\t\t\t<div class=\"elementor-shape elementor-shape-top\" aria-hidden=\"true\" data-negative=\"false\">\n\t\t\t<svg xmlns=\"http:\/\/www.w3.org\/2000\/svg\" viewBox=\"0 0 1000 100\" preserveAspectRatio=\"none\">\n\t<path class=\"elementor-shape-fill\" opacity=\"0.33\" d=\"M473,67.3c-203.9,88.3-263.1-34-320.3,0C66,119.1,0,59.7,0,59.7V0h1000v59.7 c0,0-62.1,26.1-94.9,29.3c-32.8,3.3-62.8-12.3-75.8-22.1C806,49.6,745.3,8.7,694.9,4.7S492.4,59,473,67.3z\"\/>\n\t<path class=\"elementor-shape-fill\" opacity=\"0.66\" d=\"M734,67.3c-45.5,0-77.2-23.2-129.1-39.1c-28.6-8.7-150.3-10.1-254,39.1 s-91.7-34.4-149.2,0C115.7,118.3,0,39.8,0,39.8V0h1000v36.5c0,0-28.2-18.5-92.1-18.5C810.2,18.1,775.7,67.3,734,67.3z\"\/>\n\t<path class=\"elementor-shape-fill\" d=\"M766.1,28.9c-200-57.5-266,65.5-395.1,19.5C242,1.8,242,5.4,184.8,20.6C128,35.8,132.3,44.9,89.9,52.5C28.6,63.7,0,0,0,0 h1000c0,0-9.9,40.9-83.6,48.1S829.6,47,766.1,28.9z\"\/>\n<\/svg>\t\t<\/div>\n\t\t\t\t<div class=\"elementor-shape elementor-shape-bottom\" aria-hidden=\"true\" data-negative=\"true\">\n\t\t\t<svg xmlns=\"http:\/\/www.w3.org\/2000\/svg\" viewBox=\"0 0 1000 100\" preserveAspectRatio=\"none\">\n\t<path class=\"elementor-shape-fill\" d=\"M790.5,93.1c-59.3-5.3-116.8-18-192.6-50c-29.6-12.7-76.9-31-100.5-35.9c-23.6-4.9-52.6-7.8-75.5-5.3\n\tc-10.2,1.1-22.6,1.4-50.1,7.4c-27.2,6.3-58.2,16.6-79.4,24.7c-41.3,15.9-94.9,21.9-134,22.6C72,58.2,0,25.8,0,25.8V100h1000V65.3\n\tc0,0-51.5,19.4-106.2,25.7C839.5,97,814.1,95.2,790.5,93.1z\"\/>\n<\/svg>\t\t<\/div>\n\t\t\t\t\t<div class=\"elementor-container elementor-column-gap-default\">\n\t\t\t\t\t<div class=\"elementor-column elementor-col-100 elementor-top-column elementor-element elementor-element-04cdcac\" data-id=\"04cdcac\" data-element_type=\"column\" data-e-type=\"column\">\n\t\t\t<div class=\"elementor-widget-wrap elementor-element-populated\">\n\t\t\t\t\t\t<div class=\"elementor-element elementor-element-a494855 elementor-widget elementor-widget-page-title\" data-id=\"a494855\" data-element_type=\"widget\" data-e-type=\"widget\" data-widget_type=\"page-title.default\">\n\t\t\t\t<div class=\"elementor-widget-container\">\n\t\t\t\t\t\t\t\n\t\t<div class=\"hfe-page-title hfe-page-title-wrapper elementor-widget-heading\">\n\n\t\t\t\t\t\t\t\t\t\t\t<a href=\"https:\/\/sbsc.sbc.org.br\/2024\">\n\t\t\t\t\t\t<h1 class=\"elementor-heading-title elementor-size-default\">\n\t\t\t\t\t\t\t\t\n\t\t\t\tLocal  \n\t\t\t<\/h1 > \n\t\t\t\t\t\t\t\t\t<\/a>\n\t\t\t\t\t<\/div>\n\t\t\t\t\t\t<\/div>\n\t\t\t\t<\/div>\n\t\t\t\t\t<\/div>\n\t\t<\/div>\n\t\t\t\t\t<\/div>\n\t\t<\/section>\n\t\t\t\t<section class=\"elementor-section elementor-top-section elementor-element elementor-element-0d5e136 elementor-section-boxed elementor-section-height-default elementor-section-height-default\" data-id=\"0d5e136\" data-element_type=\"section\" data-e-type=\"section\">\n\t\t\t\t\t\t<div class=\"elementor-container elementor-column-gap-default\">\n\t\t\t\t\t<div class=\"elementor-column elementor-col-100 elementor-top-column elementor-element elementor-element-391c707\" data-id=\"391c707\" data-element_type=\"column\" data-e-type=\"column\">\n\t\t\t<div class=\"elementor-widget-wrap elementor-element-populated\">\n\t\t\t\t\t\t<div class=\"elementor-element elementor-element-b245095 elementor-widget elementor-widget-spacer\" data-id=\"b245095\" data-element_type=\"widget\" data-e-type=\"widget\" data-widget_type=\"spacer.default\">\n\t\t\t\t<div class=\"elementor-widget-container\">\n\t\t\t\t\t\t\t<div class=\"elementor-spacer\">\n\t\t\t<div class=\"elementor-spacer-inner\"><\/div>\n\t\t<\/div>\n\t\t\t\t\t\t<\/div>\n\t\t\t\t<\/div>\n\t\t\t\t\t<\/div>\n\t\t<\/div>\n\t\t\t\t\t<\/div>\n\t\t<\/section>\n\t\t\t\t<section class=\"elementor-section elementor-top-section elementor-element elementor-element-6181f82 elementor-section-boxed elementor-section-height-default elementor-section-height-default\" data-id=\"6181f82\" data-element_type=\"section\" data-e-type=\"section\">\n\t\t\t\t\t\t<div class=\"elementor-container elementor-column-gap-wider\">\n\t\t\t\t\t<div class=\"elementor-column elementor-col-50 elementor-top-column elementor-element elementor-element-84ed945\" data-id=\"84ed945\" data-element_type=\"column\" data-e-type=\"column\">\n\t\t\t<div class=\"elementor-widget-wrap elementor-element-populated\">\n\t\t\t\t\t\t<div class=\"elementor-element elementor-element-7a1df27 elementor-widget elementor-widget-heading\" data-id=\"7a1df27\" data-element_type=\"widget\" data-e-type=\"widget\" data-widget_type=\"heading.default\">\n\t\t\t\t<div class=\"elementor-widget-container\">\n\t\t\t\t\t<h2 class=\"elementor-heading-title elementor-size-default\">Mercure Salvador Rio Vermelho<\/h2>\t\t\t\t<\/div>\n\t\t\t\t<\/div>\n\t\t\t\t<div class=\"elementor-element elementor-element-1ef6524 elementor-widget elementor-widget-text-editor\" data-id=\"1ef6524\" data-element_type=\"widget\" data-e-type=\"widget\" data-widget_type=\"text-editor.default\">\n\t\t\t\t<div class=\"elementor-widget-container\">\n\t\t\t\t\t\t\t\t\t<p>Rua Fonte do Boi 215, Rio Vermelho &#8211; Salvador, Bahia<\/p>\t\t\t\t\t\t\t\t<\/div>\n\t\t\t\t<\/div>\n\t\t\t\t<div class=\"elementor-element elementor-element-2d2c2e0 elementor-widget elementor-widget-google_maps\" data-id=\"2d2c2e0\" data-element_type=\"widget\" data-e-type=\"widget\" data-widget_type=\"google_maps.default\">\n\t\t\t\t<div class=\"elementor-widget-container\">\n\t\t\t\t\t\t\t<div class=\"elementor-custom-embed\">\n\t\t\t<iframe loading=\"lazy\"\n\t\t\t\t\tsrc=\"https:\/\/maps.google.com\/maps?q=Rua%20Fonte%20do%20Boi%20215%2C%20Rio%20Vermelho%2C%2041940360%20SALVADOR%2C%20Brasil&#038;t=m&#038;z=16&#038;output=embed&#038;iwloc=near\"\n\t\t\t\t\ttitle=\"Rua Fonte do Boi 215, Rio Vermelho, 41940360 SALVADOR, Brasil\"\n\t\t\t\t\taria-label=\"Rua Fonte do Boi 215, Rio Vermelho, 41940360 SALVADOR, Brasil\"\n\t\t\t><\/iframe>\n\t\t<\/div>\n\t\t\t\t\t\t<\/div>\n\t\t\t\t<\/div>\n\t\t\t\t\t<\/div>\n\t\t<\/div>\n\t\t\t\t<div class=\"elementor-column elementor-col-50 elementor-top-column elementor-element elementor-element-5a1da91 elementor-hidden-mobile\" data-id=\"5a1da91\" data-element_type=\"column\" data-e-type=\"column\">\n\t\t\t<div class=\"elementor-widget-wrap elementor-element-populated\">\n\t\t\t\t\t\t<div class=\"elementor-element elementor-element-5a754db elementor-widget elementor-widget-image\" data-id=\"5a754db\" data-element_type=\"widget\" data-e-type=\"widget\" data-widget_type=\"image.default\">\n\t\t\t\t<div class=\"elementor-widget-container\">\n\t\t\t\t\t\t\t\t\t\t\t\t\t\t\t<img decoding=\"async\" src=\"https:\/\/sbsc.sbc.org.br\/2024\/wp-content\/uploads\/2024\/01\/5182_sl_05_p_2048x1536.jpg\" title=\"Mercure Salvador Rio Vermelho\" alt=\"Mercure Salvador Rio Vermelho\" loading=\"lazy\" \/>\t\t\t\t\t\t\t\t\t\t\t\t\t\t\t<\/div>\n\t\t\t\t<\/div>\n\t\t\t\t\t<\/div>\n\t\t<\/div>\n\t\t\t\t\t<\/div>\n\t\t<\/section>\n\t\t\t\t<section class=\"elementor-section elementor-top-section elementor-element elementor-element-00f4ff5 elementor-section-boxed elementor-section-height-default elementor-section-height-default\" data-id=\"00f4ff5\" data-element_type=\"section\" data-e-type=\"section\">\n\t\t\t\t\t\t<div class=\"elementor-container elementor-column-gap-default\">\n\t\t\t\t\t<div class=\"elementor-column elementor-col-100 elementor-top-column elementor-element elementor-element-ea62d3f\" data-id=\"ea62d3f\" data-element_type=\"column\" data-e-type=\"column\">\n\t\t\t<div class=\"elementor-widget-wrap elementor-element-populated\">\n\t\t\t\t\t\t<div class=\"elementor-element elementor-element-9f83855 elementor-arrows-position-inside elementor-pagination-position-outside elementor-widget elementor-widget-image-carousel\" data-id=\"9f83855\" data-element_type=\"widget\" data-e-type=\"widget\" data-settings=\"{&quot;pause_on_hover&quot;:&quot;no&quot;,&quot;navigation&quot;:&quot;both&quot;,&quot;autoplay&quot;:&quot;yes&quot;,&quot;pause_on_interaction&quot;:&quot;yes&quot;,&quot;autoplay_speed&quot;:5000,&quot;infinite&quot;:&quot;yes&quot;,&quot;speed&quot;:500}\" data-widget_type=\"image-carousel.default\">\n\t\t\t\t<div class=\"elementor-widget-container\">\n\t\t\t\t\t\t\t<div class=\"elementor-image-carousel-wrapper swiper\" role=\"region\" aria-roledescription=\"carousel\" aria-label=\"Carrossel de imagens\" dir=\"ltr\">\n\t\t\t<div class=\"elementor-image-carousel swiper-wrapper swiper-image-stretch\" aria-live=\"off\">\n\t\t\t\t\t\t\t\t<div class=\"swiper-slide\" role=\"group\" aria-roledescription=\"slide\" aria-label=\"1 de 9\"><figure class=\"swiper-slide-inner\"><img decoding=\"async\" class=\"swiper-slide-image\" src=\"https:\/\/sbsc.sbc.org.br\/2024\/wp-content\/uploads\/2024\/01\/5182_fe_00_p_2048x1536-1024x768.jpg\" alt=\"Mercure Salvador Rio Vermelho\" \/><\/figure><\/div><div class=\"swiper-slide\" role=\"group\" aria-roledescription=\"slide\" aria-label=\"2 de 9\"><figure class=\"swiper-slide-inner\"><img decoding=\"async\" class=\"swiper-slide-image\" src=\"https:\/\/sbsc.sbc.org.br\/2024\/wp-content\/uploads\/2024\/01\/5182_fe_02_p_2048x1536-1024x768.jpg\" alt=\"Mercure Salvador Rio Vermelho\" \/><\/figure><\/div><div class=\"swiper-slide\" role=\"group\" aria-roledescription=\"slide\" aria-label=\"3 de 9\"><figure class=\"swiper-slide-inner\"><img decoding=\"async\" class=\"swiper-slide-image\" src=\"https:\/\/sbsc.sbc.org.br\/2024\/wp-content\/uploads\/2024\/01\/5182_sl_05_p_2048x1536-1-1024x768.jpg\" alt=\"Mercure Salvador Rio Vermelho\" \/><\/figure><\/div><div class=\"swiper-slide\" role=\"group\" aria-roledescription=\"slide\" aria-label=\"4 de 9\"><figure class=\"swiper-slide-inner\"><img decoding=\"async\" class=\"swiper-slide-image\" src=\"https:\/\/sbsc.sbc.org.br\/2024\/wp-content\/uploads\/2024\/01\/5182_ho_02_p_2048x1536-1024x768.jpg\" alt=\"https:\/\/www.accorhotels.com\/5182\" \/><\/figure><\/div><div class=\"swiper-slide\" role=\"group\" aria-roledescription=\"slide\" aria-label=\"5 de 9\"><figure class=\"swiper-slide-inner\"><img decoding=\"async\" class=\"swiper-slide-image\" src=\"https:\/\/sbsc.sbc.org.br\/2024\/wp-content\/uploads\/2024\/01\/5182_ho_05_p_2048x1536-1024x768.jpg\" alt=\"https:\/\/www.accorhotels.com\/5182\" \/><\/figure><\/div><div class=\"swiper-slide\" role=\"group\" aria-roledescription=\"slide\" aria-label=\"6 de 9\"><figure class=\"swiper-slide-inner\"><img decoding=\"async\" class=\"swiper-slide-image\" src=\"https:\/\/sbsc.sbc.org.br\/2024\/wp-content\/uploads\/2024\/01\/5182_rs_01_p_2048x1536-1024x768.jpg\" alt=\"https:\/\/www.accorhotels.com\/5182\" \/><\/figure><\/div><div class=\"swiper-slide\" role=\"group\" aria-roledescription=\"slide\" aria-label=\"7 de 9\"><figure class=\"swiper-slide-inner\"><img decoding=\"async\" class=\"swiper-slide-image\" src=\"https:\/\/sbsc.sbc.org.br\/2024\/wp-content\/uploads\/2024\/01\/5182_ro_03_p_2048x1536-1024x768.jpg\" alt=\"https:\/\/www.accorhotels.com\/5182\" \/><\/figure><\/div><div class=\"swiper-slide\" role=\"group\" aria-roledescription=\"slide\" aria-label=\"8 de 9\"><figure class=\"swiper-slide-inner\"><img decoding=\"async\" class=\"swiper-slide-image\" src=\"https:\/\/sbsc.sbc.org.br\/2024\/wp-content\/uploads\/2024\/01\/5182_sm_04_p_2048x1536-1024x768.jpg\" alt=\"5182_sm_04_p_2048x1536\" \/><\/figure><\/div><div class=\"swiper-slide\" role=\"group\" aria-roledescription=\"slide\" aria-label=\"9 de 9\"><figure class=\"swiper-slide-inner\"><img decoding=\"async\" class=\"swiper-slide-image\" src=\"https:\/\/sbsc.sbc.org.br\/2024\/wp-content\/uploads\/2024\/01\/5182_de_00_p_2048x1536-1024x768.jpg\" alt=\"http:\/\/www.accorhotels.com\/5182\" \/><\/figure><\/div>\t\t\t<\/div>\n\t\t\t\t\t\t\t\t\t\t\t\t<div class=\"elementor-swiper-button elementor-swiper-button-prev\" role=\"button\" tabindex=\"0\">\n\t\t\t\t\t\t<i aria-hidden=\"true\" class=\"eicon-chevron-left\"><\/i>\t\t\t\t\t<\/div>\n\t\t\t\t\t<div class=\"elementor-swiper-button elementor-swiper-button-next\" role=\"button\" tabindex=\"0\">\n\t\t\t\t\t\t<i aria-hidden=\"true\" class=\"eicon-chevron-right\"><\/i>\t\t\t\t\t<\/div>\n\t\t\t\t\n\t\t\t\t\t\t\t\t\t<div class=\"swiper-pagination\"><\/div>\n\t\t\t\t\t\t\t\t\t<\/div>\n\t\t\t\t\t\t<\/div>\n\t\t\t\t<\/div>\n\t\t\t\t<div class=\"elementor-element elementor-element-fb38ab6 elementor-widget elementor-widget-spacer\" data-id=\"fb38ab6\" data-element_type=\"widget\" data-e-type=\"widget\" data-widget_type=\"spacer.default\">\n\t\t\t\t<div class=\"elementor-widget-container\">\n\t\t\t\t\t\t\t<div class=\"elementor-spacer\">\n\t\t\t<div class=\"elementor-spacer-inner\"><\/div>\n\t\t<\/div>\n\t\t\t\t\t\t<\/div>\n\t\t\t\t<\/div>\n\t\t\t\t\t<\/div>\n\t\t<\/div>\n\t\t\t\t\t<\/div>\n\t\t<\/section>\n\t\t\t\t<section class=\"elementor-section elementor-top-section elementor-element elementor-element-508ae64 elementor-section-boxed elementor-section-height-default elementor-section-height-default\" data-id=\"508ae64\" data-element_type=\"section\" data-e-type=\"section\" data-settings=\"{&quot;background_background&quot;:&quot;classic&quot;,&quot;shape_divider_top&quot;:&quot;waves&quot;}\">\n\t\t\t\t\t\t\t<div class=\"elementor-background-overlay\"><\/div>\n\t\t\t\t\t\t<div class=\"elementor-shape elementor-shape-top\" aria-hidden=\"true\" data-negative=\"false\">\n\t\t\t<svg xmlns=\"http:\/\/www.w3.org\/2000\/svg\" viewBox=\"0 0 1000 100\" preserveAspectRatio=\"none\">\n\t<path class=\"elementor-shape-fill\" d=\"M421.9,6.5c22.6-2.5,51.5,0.4,75.5,5.3c23.6,4.9,70.9,23.5,100.5,35.7c75.8,32.2,133.7,44.5,192.6,49.7\n\tc23.6,2.1,48.7,3.5,103.4-2.5c54.7-6,106.2-25.6,106.2-25.6V0H0v30.3c0,0,72,32.6,158.4,30.5c39.2-0.7,92.8-6.7,134-22.4\n\tc21.2-8.1,52.2-18.2,79.7-24.2C399.3,7.9,411.6,7.5,421.9,6.5z\"\/>\n<\/svg>\t\t<\/div>\n\t\t\t\t\t<div class=\"elementor-container elementor-column-gap-default\">\n\t\t\t\t\t<div class=\"elementor-column elementor-col-100 elementor-top-column elementor-element elementor-element-62e3579\" data-id=\"62e3579\" data-element_type=\"column\" data-e-type=\"column\">\n\t\t\t<div class=\"elementor-widget-wrap elementor-element-populated\">\n\t\t\t\t\t\t<div class=\"elementor-element elementor-element-953f39c elementor-widget elementor-widget-spacer\" data-id=\"953f39c\" data-element_type=\"widget\" data-e-type=\"widget\" data-widget_type=\"spacer.default\">\n\t\t\t\t<div class=\"elementor-widget-container\">\n\t\t\t\t\t\t\t<div class=\"elementor-spacer\">\n\t\t\t<div class=\"elementor-spacer-inner\"><\/div>\n\t\t<\/div>\n\t\t\t\t\t\t<\/div>\n\t\t\t\t<\/div>\n\t\t\t\t<div class=\"elementor-element elementor-element-e0f8855 elementor-widget elementor-widget-heading\" data-id=\"e0f8855\" data-element_type=\"widget\" data-e-type=\"widget\" data-widget_type=\"heading.default\">\n\t\t\t\t<div class=\"elementor-widget-container\">\n\t\t\t\t\t<h2 class=\"elementor-heading-title elementor-size-default\">Hospedagem<\/h2>\t\t\t\t<\/div>\n\t\t\t\t<\/div>\n\t\t\t\t<div class=\"elementor-element elementor-element-63effec elementor-widget elementor-widget-text-editor\" data-id=\"63effec\" data-element_type=\"widget\" data-e-type=\"widget\" data-widget_type=\"text-editor.default\">\n\t\t\t\t<div class=\"elementor-widget-container\">\n\t\t\t\t\t\t\t\t\t<p>Por ser uma cidade tur\u00edstica, Salvador possui uma ampla rede de hot\u00e9is para acolher seus visitantes. Al\u00e9m do hotel do evento, temos outras op\u00e7\u00f5es que ficam pr\u00f3ximas ao local, e que est\u00e3o reservadas e com condi\u00e7\u00f5es especiais para participantes do SBSC 2024:<\/p>\t\t\t\t\t\t\t\t<\/div>\n\t\t\t\t<\/div>\n\t\t\t\t\t<\/div>\n\t\t<\/div>\n\t\t\t\t\t<\/div>\n\t\t<\/section>\n\t\t\t\t<section class=\"elementor-section elementor-top-section elementor-element elementor-element-881be4a elementor-section-boxed elementor-section-height-default elementor-section-height-default\" data-id=\"881be4a\" data-element_type=\"section\" data-e-type=\"section\" data-settings=\"{&quot;background_background&quot;:&quot;classic&quot;}\">\n\t\t\t\t\t\t\t<div class=\"elementor-background-overlay\"><\/div>\n\t\t\t\t\t\t\t<div class=\"elementor-container elementor-column-gap-default\">\n\t\t\t\t\t<div class=\"elementor-column elementor-col-100 elementor-top-column elementor-element elementor-element-cc499ba\" data-id=\"cc499ba\" data-element_type=\"column\" data-e-type=\"column\">\n\t\t\t<div class=\"elementor-widget-wrap elementor-element-populated\">\n\t\t\t\t\t\t<div class=\"elementor-element elementor-element-1765032 elementor-widget elementor-widget-toggle\" data-id=\"1765032\" data-element_type=\"widget\" data-e-type=\"widget\" data-widget_type=\"toggle.default\">\n\t\t\t\t<div class=\"elementor-widget-container\">\n\t\t\t\t\t\t\t<div class=\"elementor-toggle\">\n\t\t\t\t\t\t\t<div class=\"elementor-toggle-item\">\n\t\t\t\t\t<div id=\"elementor-tab-title-2451\" class=\"elementor-tab-title\" data-tab=\"1\" role=\"button\" aria-controls=\"elementor-tab-content-2451\" aria-expanded=\"false\">\n\t\t\t\t\t\t\t\t\t\t\t\t<span class=\"elementor-toggle-icon elementor-toggle-icon-right\" aria-hidden=\"true\">\n\t\t\t\t\t\t\t\t\t\t\t\t\t\t\t<span class=\"elementor-toggle-icon-closed\"><i class=\"fas fa-caret-right\"><\/i><\/span>\n\t\t\t\t\t\t\t\t<span class=\"elementor-toggle-icon-opened\"><i class=\"elementor-toggle-icon-opened fas fa-caret-up\"><\/i><\/span>\n\t\t\t\t\t\t\t\t\t\t\t\t\t<\/span>\n\t\t\t\t\t\t\t\t\t\t\t\t<a class=\"elementor-toggle-title\" tabindex=\"0\">Mercure Salvador Rio Vermelho<\/a>\n\t\t\t\t\t<\/div>\n\n\t\t\t\t\t<div id=\"elementor-tab-content-2451\" class=\"elementor-tab-content elementor-clearfix\" data-tab=\"1\" role=\"region\" aria-labelledby=\"elementor-tab-title-2451\"><p><strong>Endere\u00e7o:<\/strong> Rua Fonte do Boi 215, Rio Vermelho<\/p><p><strong>Dist\u00e2ncia do evento:<\/strong> Hotel do Evento<\/p><\/div>\n\t\t\t\t<\/div>\n\t\t\t\t\t\t\t<div class=\"elementor-toggle-item\">\n\t\t\t\t\t<div id=\"elementor-tab-title-2452\" class=\"elementor-tab-title\" data-tab=\"2\" role=\"button\" aria-controls=\"elementor-tab-content-2452\" aria-expanded=\"false\">\n\t\t\t\t\t\t\t\t\t\t\t\t<span class=\"elementor-toggle-icon elementor-toggle-icon-right\" aria-hidden=\"true\">\n\t\t\t\t\t\t\t\t\t\t\t\t\t\t\t<span class=\"elementor-toggle-icon-closed\"><i class=\"fas fa-caret-right\"><\/i><\/span>\n\t\t\t\t\t\t\t\t<span class=\"elementor-toggle-icon-opened\"><i class=\"elementor-toggle-icon-opened fas fa-caret-up\"><\/i><\/span>\n\t\t\t\t\t\t\t\t\t\t\t\t\t<\/span>\n\t\t\t\t\t\t\t\t\t\t\t\t<a class=\"elementor-toggle-title\" tabindex=\"0\">Ibis Salvador Rio Vermelho<\/a>\n\t\t\t\t\t<\/div>\n\n\t\t\t\t\t<div id=\"elementor-tab-content-2452\" class=\"elementor-tab-content elementor-clearfix\" data-tab=\"2\" role=\"region\" aria-labelledby=\"elementor-tab-title-2452\"><p><strong>Endere\u00e7o:<\/strong> Rua Fonte do Boi, 215 &#8211; Rio Vermelho<\/p><p><strong>Dist\u00e2ncia do evento:<\/strong> 10m &#8211; Aprox. 1 min a p\u00e9<\/p><\/div>\n\t\t\t\t<\/div>\n\t\t\t\t\t\t\t<div class=\"elementor-toggle-item\">\n\t\t\t\t\t<div id=\"elementor-tab-title-2453\" class=\"elementor-tab-title\" data-tab=\"3\" role=\"button\" aria-controls=\"elementor-tab-content-2453\" aria-expanded=\"false\">\n\t\t\t\t\t\t\t\t\t\t\t\t<span class=\"elementor-toggle-icon elementor-toggle-icon-right\" aria-hidden=\"true\">\n\t\t\t\t\t\t\t\t\t\t\t\t\t\t\t<span class=\"elementor-toggle-icon-closed\"><i class=\"fas fa-caret-right\"><\/i><\/span>\n\t\t\t\t\t\t\t\t<span class=\"elementor-toggle-icon-opened\"><i class=\"elementor-toggle-icon-opened fas fa-caret-up\"><\/i><\/span>\n\t\t\t\t\t\t\t\t\t\t\t\t\t<\/span>\n\t\t\t\t\t\t\t\t\t\t\t\t<a class=\"elementor-toggle-title\" tabindex=\"0\">Hotel Catharina Paragua\u00e7u<\/a>\n\t\t\t\t\t<\/div>\n\n\t\t\t\t\t<div id=\"elementor-tab-content-2453\" class=\"elementor-tab-content elementor-clearfix\" data-tab=\"3\" role=\"region\" aria-labelledby=\"elementor-tab-title-2453\"><p><a href=\"https:\/\/www.hotelcatharinaparaguacu.com.br\/\">www.hotelcatharinaparaguacu.com.br<\/a><\/p><p><strong>Endere\u00e7o:<\/strong> R. Jo\u00e3o Gomes, 128 &#8211; Rio Vermelho<\/p><p><strong>Dist\u00e2ncia do evento:<\/strong> 1,7 km &#8211; Aprox. 6 min de carro<\/p><\/div>\n\t\t\t\t<\/div>\n\t\t\t\t\t\t\t<div class=\"elementor-toggle-item\">\n\t\t\t\t\t<div id=\"elementor-tab-title-2454\" class=\"elementor-tab-title\" data-tab=\"4\" role=\"button\" aria-controls=\"elementor-tab-content-2454\" aria-expanded=\"false\">\n\t\t\t\t\t\t\t\t\t\t\t\t<span class=\"elementor-toggle-icon elementor-toggle-icon-right\" aria-hidden=\"true\">\n\t\t\t\t\t\t\t\t\t\t\t\t\t\t\t<span class=\"elementor-toggle-icon-closed\"><i class=\"fas fa-caret-right\"><\/i><\/span>\n\t\t\t\t\t\t\t\t<span class=\"elementor-toggle-icon-opened\"><i class=\"elementor-toggle-icon-opened fas fa-caret-up\"><\/i><\/span>\n\t\t\t\t\t\t\t\t\t\t\t\t\t<\/span>\n\t\t\t\t\t\t\t\t\t\t\t\t<a class=\"elementor-toggle-title\" tabindex=\"0\">Novotel Rio Vermelho<\/a>\n\t\t\t\t\t<\/div>\n\n\t\t\t\t\t<div id=\"elementor-tab-content-2454\" class=\"elementor-tab-content elementor-clearfix\" data-tab=\"4\" role=\"region\" aria-labelledby=\"elementor-tab-title-2454\"><p><strong>Endere\u00e7o:<\/strong> R. Monte Conselho, 505 &#8211; Rio Vermelho<\/p><p><strong>Dist\u00e2ncia do evento:<\/strong> 2 km &#8211; Aprox. 8 min de carro<\/p><\/div>\n\t\t\t\t<\/div>\n\t\t\t\t\t\t\t<div class=\"elementor-toggle-item\">\n\t\t\t\t\t<div id=\"elementor-tab-title-2455\" class=\"elementor-tab-title\" data-tab=\"5\" role=\"button\" aria-controls=\"elementor-tab-content-2455\" aria-expanded=\"false\">\n\t\t\t\t\t\t\t\t\t\t\t\t<span class=\"elementor-toggle-icon elementor-toggle-icon-right\" aria-hidden=\"true\">\n\t\t\t\t\t\t\t\t\t\t\t\t\t\t\t<span class=\"elementor-toggle-icon-closed\"><i class=\"fas fa-caret-right\"><\/i><\/span>\n\t\t\t\t\t\t\t\t<span class=\"elementor-toggle-icon-opened\"><i class=\"elementor-toggle-icon-opened fas fa-caret-up\"><\/i><\/span>\n\t\t\t\t\t\t\t\t\t\t\t\t\t<\/span>\n\t\t\t\t\t\t\t\t\t\t\t\t<a class=\"elementor-toggle-title\" tabindex=\"0\">Canto Hotel<\/a>\n\t\t\t\t\t<\/div>\n\n\t\t\t\t\t<div id=\"elementor-tab-content-2455\" class=\"elementor-tab-content elementor-clearfix\" data-tab=\"5\" role=\"region\" aria-labelledby=\"elementor-tab-title-2455\"><p><a href=\"https:\/\/cantohotel.com\/home\">cantohotel.com<\/a><\/p><p><strong>Endere\u00e7o:<\/strong> Travessa Prudente de Mor\u00e3es 65, Rio Vermelho<\/p><p><strong>Dist\u00e2ncia do evento:<\/strong> 2 km &#8211; Aprox. 9 min de carro<\/p><\/div>\n\t\t\t\t<\/div>\n\t\t\t\t\t\t\t<div class=\"elementor-toggle-item\">\n\t\t\t\t\t<div id=\"elementor-tab-title-2456\" class=\"elementor-tab-title\" data-tab=\"6\" role=\"button\" aria-controls=\"elementor-tab-content-2456\" aria-expanded=\"false\">\n\t\t\t\t\t\t\t\t\t\t\t\t<span class=\"elementor-toggle-icon elementor-toggle-icon-right\" aria-hidden=\"true\">\n\t\t\t\t\t\t\t\t\t\t\t\t\t\t\t<span class=\"elementor-toggle-icon-closed\"><i class=\"fas fa-caret-right\"><\/i><\/span>\n\t\t\t\t\t\t\t\t<span class=\"elementor-toggle-icon-opened\"><i class=\"elementor-toggle-icon-opened fas fa-caret-up\"><\/i><\/span>\n\t\t\t\t\t\t\t\t\t\t\t\t\t<\/span>\n\t\t\t\t\t\t\t\t\t\t\t\t<a class=\"elementor-toggle-title\" tabindex=\"0\">Portobello Ondina<\/a>\n\t\t\t\t\t<\/div>\n\n\t\t\t\t\t<div id=\"elementor-tab-content-2456\" class=\"elementor-tab-content elementor-clearfix\" data-tab=\"6\" role=\"region\" aria-labelledby=\"elementor-tab-title-2456\"><p>www.portobellohoteis.com.br\/ondinahotel<\/p><p><strong>Endere\u00e7o:<\/strong> Av. Oce\u00e2nica, 2275 &#8211; Ondina<\/p><p><strong>Dist\u00e2ncia do evento:<\/strong> 4,2 km &#8211; Aprox. 14 min de carro<\/p><\/div>\n\t\t\t\t<\/div>\n\t\t\t\t\t\t\t<div class=\"elementor-toggle-item\">\n\t\t\t\t\t<div id=\"elementor-tab-title-2457\" class=\"elementor-tab-title\" data-tab=\"7\" role=\"button\" aria-controls=\"elementor-tab-content-2457\" aria-expanded=\"false\">\n\t\t\t\t\t\t\t\t\t\t\t\t<span class=\"elementor-toggle-icon elementor-toggle-icon-right\" aria-hidden=\"true\">\n\t\t\t\t\t\t\t\t\t\t\t\t\t\t\t<span class=\"elementor-toggle-icon-closed\"><i class=\"fas fa-caret-right\"><\/i><\/span>\n\t\t\t\t\t\t\t\t<span class=\"elementor-toggle-icon-opened\"><i class=\"elementor-toggle-icon-opened fas fa-caret-up\"><\/i><\/span>\n\t\t\t\t\t\t\t\t\t\t\t\t\t<\/span>\n\t\t\t\t\t\t\t\t\t\t\t\t<a class=\"elementor-toggle-title\" tabindex=\"0\">Vila Gal\u00e9 Salvador<\/a>\n\t\t\t\t\t<\/div>\n\n\t\t\t\t\t<div id=\"elementor-tab-content-2457\" class=\"elementor-tab-content elementor-clearfix\" data-tab=\"7\" role=\"region\" aria-labelledby=\"elementor-tab-title-2457\"><p><a href=\"https:\/\/www.vilagale.com\/br\">www.vilagale.com<\/a><\/p><p><strong>Endere\u00e7o:<\/strong> R Morro do Escravo Miguel, 320 &#8211; Ondina<\/p><p><strong>Dist\u00e2ncia do evento:<\/strong> 5,1 km &#8211; Aprox. 18 min de carro<\/p><\/div>\n\t\t\t\t<\/div>\n\t\t\t\t\t\t\t<div class=\"elementor-toggle-item\">\n\t\t\t\t\t<div id=\"elementor-tab-title-2458\" class=\"elementor-tab-title\" data-tab=\"8\" role=\"button\" aria-controls=\"elementor-tab-content-2458\" aria-expanded=\"false\">\n\t\t\t\t\t\t\t\t\t\t\t\t<span class=\"elementor-toggle-icon elementor-toggle-icon-right\" aria-hidden=\"true\">\n\t\t\t\t\t\t\t\t\t\t\t\t\t\t\t<span class=\"elementor-toggle-icon-closed\"><i class=\"fas fa-caret-right\"><\/i><\/span>\n\t\t\t\t\t\t\t\t<span class=\"elementor-toggle-icon-opened\"><i class=\"elementor-toggle-icon-opened fas fa-caret-up\"><\/i><\/span>\n\t\t\t\t\t\t\t\t\t\t\t\t\t<\/span>\n\t\t\t\t\t\t\t\t\t\t\t\t<a class=\"elementor-toggle-title\" tabindex=\"0\">Hotel Monte Paschoal<\/a>\n\t\t\t\t\t<\/div>\n\n\t\t\t\t\t<div id=\"elementor-tab-content-2458\" class=\"elementor-tab-content elementor-clearfix\" data-tab=\"8\" role=\"region\" aria-labelledby=\"elementor-tab-title-2458\"><p><a href=\"https:\/\/montepascoalpraiahotel.com.br\/\">montepascoalpraiahotel.com.br<\/a><\/p><p><strong>Endere\u00e7o:<\/strong> Av. Oce\u00e2nica, 591, Barra, Salvador<\/p><p><strong>Dist\u00e2ncia do evento:<\/strong> 5,9 km &#8211; Aprox. 22 min de carro<\/p><\/div>\n\t\t\t\t<\/div>\n\t\t\t\t\t\t\t\t<\/div>\n\t\t\t\t\t\t<\/div>\n\t\t\t\t<\/div>\n\t\t\t\t<div class=\"elementor-element elementor-element-f83f144 elementor-widget elementor-widget-spacer\" data-id=\"f83f144\" data-element_type=\"widget\" data-e-type=\"widget\" data-widget_type=\"spacer.default\">\n\t\t\t\t<div class=\"elementor-widget-container\">\n\t\t\t\t\t\t\t<div class=\"elementor-spacer\">\n\t\t\t<div class=\"elementor-spacer-inner\"><\/div>\n\t\t<\/div>\n\t\t\t\t\t\t<\/div>\n\t\t\t\t<\/div>\n\t\t\t\t<div class=\"elementor-element elementor-element-9e2ce13 elementor-widget elementor-widget-text-editor\" data-id=\"9e2ce13\" data-element_type=\"widget\" data-e-type=\"widget\" data-widget_type=\"text-editor.default\">\n\t\t\t\t<div class=\"elementor-widget-container\">\n\t\t\t\t\t\t\t\t\t<p>Os hot\u00e9is citados acima s\u00e3o indicados pela <strong>Emp\u00f3rio de Turismo<\/strong>, ag\u00eancia oficial do SBSC 2024, e contam com <strong>quartos reservados aos participantes do evento<\/strong>.<\/p>\t\t\t\t\t\t\t\t<\/div>\n\t\t\t\t<\/div>\n\t\t\t\t\t<\/div>\n\t\t<\/div>\n\t\t\t\t\t<\/div>\n\t\t<\/section>\n\t\t\t\t<section class=\"elementor-section elementor-top-section elementor-element elementor-element-e5c8747 elementor-section-content-middle elementor-section-boxed elementor-section-height-default elementor-section-height-default\" data-id=\"e5c8747\" data-element_type=\"section\" data-e-type=\"section\" data-settings=\"{&quot;background_background&quot;:&quot;classic&quot;}\">\n\t\t\t\t\t\t<div class=\"elementor-container elementor-column-gap-wider\">\n\t\t\t\t\t<div class=\"elementor-column elementor-col-50 elementor-top-column elementor-element elementor-element-969b4fd\" data-id=\"969b4fd\" data-element_type=\"column\" data-e-type=\"column\">\n\t\t\t<div class=\"elementor-widget-wrap elementor-element-populated\">\n\t\t\t\t\t\t<div class=\"elementor-element elementor-element-c456562 elementor-widget elementor-widget-image\" data-id=\"c456562\" data-element_type=\"widget\" data-e-type=\"widget\" data-widget_type=\"image.default\">\n\t\t\t\t<div class=\"elementor-widget-container\">\n\t\t\t\t\t\t\t\t\t\t\t\t\t\t\t<img decoding=\"async\" width=\"214\" height=\"211\" src=\"https:\/\/sbsc.sbc.org.br\/2024\/wp-content\/uploads\/2024\/01\/emp-turis-logo.jpg\" class=\"attachment-large size-large wp-image-502\" alt=\"\" \/>\t\t\t\t\t\t\t\t\t\t\t\t\t\t\t<\/div>\n\t\t\t\t<\/div>\n\t\t\t\t\t<\/div>\n\t\t<\/div>\n\t\t\t\t<div class=\"elementor-column elementor-col-50 elementor-top-column elementor-element elementor-element-7942d7b\" data-id=\"7942d7b\" data-element_type=\"column\" data-e-type=\"column\">\n\t\t\t<div class=\"elementor-widget-wrap elementor-element-populated\">\n\t\t\t\t\t\t<div class=\"elementor-element elementor-element-d6af9a6 elementor-widget elementor-widget-heading\" data-id=\"d6af9a6\" data-element_type=\"widget\" data-e-type=\"widget\" data-widget_type=\"heading.default\">\n\t\t\t\t<div class=\"elementor-widget-container\">\n\t\t\t\t\t<h2 class=\"elementor-heading-title elementor-size-default\">Emp\u00f3rio de Turismo<\/h2>\t\t\t\t<\/div>\n\t\t\t\t<\/div>\n\t\t\t\t<div class=\"elementor-element elementor-element-a6fe257 elementor-widget elementor-widget-text-editor\" data-id=\"a6fe257\" data-element_type=\"widget\" data-e-type=\"widget\" data-widget_type=\"text-editor.default\">\n\t\t\t\t<div class=\"elementor-widget-container\">\n\t\t\t\t\t\t\t\t\t<p>O SBSC conta com a ag\u00eancia Emp\u00f3rio de Turismo para auxiliar os participantes do evento a garantir hospedagens e passeios tur\u00edsticos por Salvador.<\/p>\t\t\t\t\t\t\t\t<\/div>\n\t\t\t\t<\/div>\n\t\t\t\t<div class=\"elementor-element elementor-element-6b73158 elementor-align-left elementor-widget elementor-widget-button\" data-id=\"6b73158\" data-element_type=\"widget\" data-e-type=\"widget\" data-widget_type=\"button.default\">\n\t\t\t\t<div class=\"elementor-widget-container\">\n\t\t\t\t\t\t\t\t\t<div class=\"elementor-button-wrapper\">\n\t\t\t\t\t<a class=\"elementor-button elementor-button-link elementor-size-sm elementor-animation-grow\" href=\"https:\/\/api.whatsapp.com\/send\/?phone=557196012957&#038;text=Ol%C3%A1%21+Gostaria+de+me+informar+sobre+hoteis+para+o+evento+SBSC+2024+em+Salvador&#038;app_absent=0\">\n\t\t\t\t\t\t<span class=\"elementor-button-content-wrapper\">\n\t\t\t\t\t\t<span class=\"elementor-button-icon\">\n\t\t\t\t<i aria-hidden=\"true\" class=\"fab fa-whatsapp\"><\/i>\t\t\t<\/span>\n\t\t\t\t\t\t\t\t\t<span class=\"elementor-button-text\">Contato da Emp\u00f3rio de Turismo<\/span>\n\t\t\t\t\t<\/span>\n\t\t\t\t\t<\/a>\n\t\t\t\t<\/div>\n\t\t\t\t\t\t\t\t<\/div>\n\t\t\t\t<\/div>\n\t\t\t\t\t<\/div>\n\t\t<\/div>\n\t\t\t\t\t<\/div>\n\t\t<\/section>\n\t\t\t\t<section class=\"elementor-section elementor-top-section elementor-element elementor-element-59ee162 elementor-section-boxed elementor-section-height-default elementor-section-height-default\" data-id=\"59ee162\" data-element_type=\"section\" data-e-type=\"section\" data-settings=\"{&quot;background_background&quot;:&quot;classic&quot;,&quot;shape_divider_bottom&quot;:&quot;mountains&quot;}\">\n\t\t\t\t\t<div class=\"elementor-shape elementor-shape-bottom\" aria-hidden=\"true\" data-negative=\"false\">\n\t\t\t<svg xmlns=\"http:\/\/www.w3.org\/2000\/svg\" viewBox=\"0 0 1000 100\" preserveAspectRatio=\"none\">\n\t<path class=\"elementor-shape-fill\" opacity=\"0.33\" d=\"M473,67.3c-203.9,88.3-263.1-34-320.3,0C66,119.1,0,59.7,0,59.7V0h1000v59.7 c0,0-62.1,26.1-94.9,29.3c-32.8,3.3-62.8-12.3-75.8-22.1C806,49.6,745.3,8.7,694.9,4.7S492.4,59,473,67.3z\"\/>\n\t<path class=\"elementor-shape-fill\" opacity=\"0.66\" d=\"M734,67.3c-45.5,0-77.2-23.2-129.1-39.1c-28.6-8.7-150.3-10.1-254,39.1 s-91.7-34.4-149.2,0C115.7,118.3,0,39.8,0,39.8V0h1000v36.5c0,0-28.2-18.5-92.1-18.5C810.2,18.1,775.7,67.3,734,67.3z\"\/>\n\t<path class=\"elementor-shape-fill\" d=\"M766.1,28.9c-200-57.5-266,65.5-395.1,19.5C242,1.8,242,5.4,184.8,20.6C128,35.8,132.3,44.9,89.9,52.5C28.6,63.7,0,0,0,0 h1000c0,0-9.9,40.9-83.6,48.1S829.6,47,766.1,28.9z\"\/>\n<\/svg>\t\t<\/div>\n\t\t\t\t\t<div class=\"elementor-container elementor-column-gap-default\">\n\t\t\t\t\t<div class=\"elementor-column elementor-col-100 elementor-top-column elementor-element elementor-element-5dbf1e3\" data-id=\"5dbf1e3\" data-element_type=\"column\" data-e-type=\"column\">\n\t\t\t<div class=\"elementor-widget-wrap elementor-element-populated\">\n\t\t\t\t\t\t<div class=\"elementor-element elementor-element-d4bbcea elementor-widget elementor-widget-spacer\" data-id=\"d4bbcea\" data-element_type=\"widget\" data-e-type=\"widget\" data-widget_type=\"spacer.default\">\n\t\t\t\t<div class=\"elementor-widget-container\">\n\t\t\t\t\t\t\t<div class=\"elementor-spacer\">\n\t\t\t<div class=\"elementor-spacer-inner\"><\/div>\n\t\t<\/div>\n\t\t\t\t\t\t<\/div>\n\t\t\t\t<\/div>\n\t\t\t\t\t<\/div>\n\t\t<\/div>\n\t\t\t\t\t<\/div>\n\t\t<\/section>\n\t\t\t\t<section class=\"elementor-section elementor-top-section elementor-element elementor-element-2f517ca elementor-section-boxed elementor-section-height-default elementor-section-height-default\" data-id=\"2f517ca\" data-element_type=\"section\" data-e-type=\"section\">\n\t\t\t\t\t\t<div class=\"elementor-container elementor-column-gap-default\">\n\t\t\t\t\t<div class=\"elementor-column elementor-col-100 elementor-top-column elementor-element elementor-element-11d9539\" data-id=\"11d9539\" data-element_type=\"column\" data-e-type=\"column\">\n\t\t\t<div class=\"elementor-widget-wrap elementor-element-populated\">\n\t\t\t\t\t\t<div class=\"elementor-element elementor-element-15498e4 elementor-widget elementor-widget-spacer\" data-id=\"15498e4\" data-element_type=\"widget\" data-e-type=\"widget\" data-widget_type=\"spacer.default\">\n\t\t\t\t<div class=\"elementor-widget-container\">\n\t\t\t\t\t\t\t<div class=\"elementor-spacer\">\n\t\t\t<div class=\"elementor-spacer-inner\"><\/div>\n\t\t<\/div>\n\t\t\t\t\t\t<\/div>\n\t\t\t\t<\/div>\n\t\t\t\t<div class=\"elementor-element elementor-element-7ef3d07 elementor-widget elementor-widget-heading\" data-id=\"7ef3d07\" data-element_type=\"widget\" data-e-type=\"widget\" data-widget_type=\"heading.default\">\n\t\t\t\t<div class=\"elementor-widget-container\">\n\t\t\t\t\t<h2 class=\"elementor-heading-title elementor-size-default\">Onde comer?<\/h2>\t\t\t\t<\/div>\n\t\t\t\t<\/div>\n\t\t\t\t<div class=\"elementor-element elementor-element-fb56424 elementor-widget elementor-widget-text-editor\" data-id=\"fb56424\" data-element_type=\"widget\" data-e-type=\"widget\" data-widget_type=\"text-editor.default\">\n\t\t\t\t<div class=\"elementor-widget-container\">\n\t\t\t\t\t\t\t\t\t<p>Por ser uma cidade tur\u00edstica, Salvador possui muitos restaurantes. Separamos algumas op\u00e7\u00f5es pr\u00f3ximas do Hotel do evento para aproveitar o que h\u00e1 de melhor da gastronomia da cidade:<\/p>\t\t\t\t\t\t\t\t<\/div>\n\t\t\t\t<\/div>\n\t\t\t\t\t<\/div>\n\t\t<\/div>\n\t\t\t\t\t<\/div>\n\t\t<\/section>\n\t\t\t\t<section class=\"elementor-section elementor-top-section elementor-element elementor-element-dcccb44 elementor-section-boxed elementor-section-height-default elementor-section-height-default\" data-id=\"dcccb44\" data-element_type=\"section\" data-e-type=\"section\">\n\t\t\t\t\t\t<div class=\"elementor-container elementor-column-gap-default\">\n\t\t\t\t\t<div class=\"elementor-column elementor-col-50 elementor-top-column elementor-element elementor-element-7ca0a1d\" data-id=\"7ca0a1d\" data-element_type=\"column\" data-e-type=\"column\">\n\t\t\t<div class=\"elementor-widget-wrap elementor-element-populated\">\n\t\t\t\t\t\t<div class=\"elementor-element elementor-element-4deeb94 elementor-widget elementor-widget-text-editor\" data-id=\"4deeb94\" data-element_type=\"widget\" data-e-type=\"widget\" data-widget_type=\"text-editor.default\">\n\t\t\t\t<div class=\"elementor-widget-container\">\n\t\t\t\t\t\t\t\t\t<p><b>Hotel Mercure | <\/b><b>\u2606\u2606\u2606\u2606\u2606<\/b><b>\u00a0<\/b><\/p><p><b>Menu especial a R$ 80,00\u00a0<\/b><\/p><p>\u00a0<\/p><p><b>Restaurante Natural Manjeri\u00e7\u00e3o | <\/b><b>\u2606\u2606\u2606\u2606<\/b><b> | <\/b><span style=\"font-weight: 400;\">140m \/ 2 min (a p\u00e9)<\/span><\/p><p><b>Endere\u00e7o: <\/b><span style=\"font-weight: 400;\">Rua da Fonte do Boi, 3 &#8211; Rio Vermelho<\/span><\/p><p>\u00a0<\/p><p><b>Confraria das Ostras | <\/b><b>\u2606\u2606\u2606\u2606<\/b><b> | <\/b><span style=\"font-weight: 400;\">190m \/ 2 min (a p\u00e9)<\/span><\/p><p><b>Endere\u00e7o: <\/b><span style=\"font-weight: 400;\">Rua da Fonte do Boi, 8 &#8211; Rio Vermelho<\/span><\/p><p>\u00a0<\/p><p><b>Solar Rio Vermelho | <\/b><b>\u2606\u2606\u2606\u2606<\/b><b> | <\/b><span style=\"font-weight: 400;\">72m \/ 1 min (a p\u00e9)<\/span><\/p><p><b>Endere\u00e7o: <\/b><span style=\"font-weight: 400;\">Rua da Fonte do Boi, 24 &#8211; Rio Vermelho<\/span><\/p><p>\u00a0<\/p><p><b>Sushi Deli\u00a0 | <\/b><b>\u2606\u2606\u2606\u2606 | <\/b><span style=\"font-weight: 400;\">110m \/ 1 min (a p\u00e9)<\/span><\/p><p><b>Endere\u00e7o: <\/b><span style=\"font-weight: 400;\">Rua da Fonte do Boi, 16 &#8211; Rio Vermelho<\/span><\/p><p>\u00a0<\/p><p><b>Casa de Tereza | <\/b><b>\u2606\u2606\u2606\u2606\u2606 | <\/b><b>\u00a0<\/b><span style=\"font-weight: 400;\">400m \/ 5 min (a p\u00e9)<\/span><\/p><p><b>Endere\u00e7o: <\/b><span style=\"font-weight: 400;\">Rua Odilon Santos, 45 &#8211; Rio Vermelho<\/span><\/p><p>\u00a0<\/p><p><b>Vila Caramuru | <\/b><b>\u2606\u2606\u2606\u2606 | <\/b><span style=\"font-weight: 400;\">900m \/ 12 min (a p\u00e9)<\/span><\/p><p><span style=\"font-weight: 400;\">Diversos estilos e op\u00e7\u00f5es.<\/span><\/p><p><b>Endere\u00e7o: <\/b><span style=\"font-weight: 400;\">Pra\u00e7a Caramuru, 2 &#8211; Vila Caramuru (Antigo Mercado do Peixe) &#8211; Rio Vermelho\u00a0<\/span><\/p><p>\u00a0<\/p><p><b>Pasta em Casa | <\/b><b>\u2606\u2606\u2606\u2606\u2606<\/b><b> | <\/b><span style=\"font-weight: 400;\">2,3 km \/ 7 min (carro)<\/span><\/p><p><b>Endere\u00e7o: <\/b><span style=\"font-weight: 400;\">Rua Professora Almerinda Dultra, 67 &#8211; Rio Vermelho<\/span><\/p>\t\t\t\t\t\t\t\t<\/div>\n\t\t\t\t<\/div>\n\t\t\t\t\t<\/div>\n\t\t<\/div>\n\t\t\t\t<div class=\"elementor-column elementor-col-50 elementor-top-column elementor-element elementor-element-6221864\" data-id=\"6221864\" data-element_type=\"column\" data-e-type=\"column\">\n\t\t\t<div class=\"elementor-widget-wrap elementor-element-populated\">\n\t\t\t\t\t\t<div class=\"elementor-element elementor-element-9add903 elementor-widget elementor-widget-text-editor\" data-id=\"9add903\" data-element_type=\"widget\" data-e-type=\"widget\" data-widget_type=\"text-editor.default\">\n\t\t\t\t<div class=\"elementor-widget-container\">\n\t\t\t\t\t\t\t\t\t<p><b>Isola del Sapori\u00a0 | <\/b><b>\u2606\u2606\u2606\u2606<\/b><b> | <\/b><span style=\"font-weight: 400;\">2,3 km \/ 7 min (carro)<\/span><\/p><p><span style=\"font-weight: 400;\">vista para o mar do Rio Vermelho<\/span><\/p><p><b>Endere\u00e7o: <\/b><span style=\"font-weight: 400;\">R. Guedes Cabral, 123 &#8211; Rio Vermelho<\/span><\/p><p>\u00a0<\/p><p><b>Shanti | <\/b><b>\u2606\u2606\u2606\u2606\u2606<\/b><b> | <\/b><span style=\"font-weight: 400;\">2,3 km \/ 7 min (carro)<\/span><\/p><p><b>Endere\u00e7o: <\/b><span style=\"font-weight: 400;\">Rua Professora Almerinda Dultra, 67 &#8211; Rio Vermelho<\/span><\/p><p>\u00a0<\/p><p><b>Canto | <\/b><b>\u2606\u2606\u2606\u2606\u2606<\/b><b> | <\/b><span style=\"font-weight: 400;\">2\u00a0 km \/ 6 min (carro)<\/span><\/p><p><b>Endere\u00e7o: <\/b><span style=\"font-weight: 400;\">Tv. Prudente de Morais, 65B &#8211; Rio Vermelho,<\/span><\/p><p>\u00a0<\/p><p><b>Vini Figueira Mar | <\/b><b>\u2606\u2606\u2606\u2606\u2606<\/b><b> | <\/b><span style=\"font-weight: 400;\">2\u00a0 km \/ 6 min (carro)<\/span><\/p><p><b>Endere\u00e7o: <\/b><span style=\"font-weight: 400;\">Trav. Bartholomeu de Gusm\u00e3o, 754 &#8211; Rio Vermelho<\/span><\/p><p>\u00a0<\/p><p><b>Yemanj\u00e1 | <\/b><b>\u2606\u2606\u2606\u2606\u2606<\/b><b> | <\/b><span style=\"font-weight: 400;\">7,3 km \/ 13 min (carro)<\/span><\/p><p><b>Endere\u00e7o: <\/b><span style=\"font-weight: 400;\">\u00a0<\/span><span style=\"font-weight: 400;\">Avenida Oct\u00e1vio Mangabeira, 4661 &#8211; Arma\u00e7\u00e3o, Salvador &#8211; BA<\/span><\/p><p>\u00a0<\/p><p><b>Bahia Marina | <\/b><b>\u2606\u2606\u2606\u2606\u2606 | <\/b><span style=\"font-weight: 400;\">11 km \/ 18 min (carro)<\/span><\/p><p><span style=\"font-weight: 400;\">Diversos estilos: Louro, Soho, Lafayette (vista para a Baia de Todos os Santos)<\/span><\/p><p><b>Endere\u00e7o: <\/b><span style=\"font-weight: 400;\">\u00a0Avenida do Contorno, 1010 &#8211; Com\u00e9rcio<\/span><\/p>\t\t\t\t\t\t\t\t<\/div>\n\t\t\t\t<\/div>\n\t\t\t\t\t<\/div>\n\t\t<\/div>\n\t\t\t\t\t<\/div>\n\t\t<\/section>\n\t\t\t\t<section class=\"elementor-section elementor-top-section elementor-element elementor-element-fb562db elementor-section-boxed elementor-section-height-default elementor-section-height-default\" data-id=\"fb562db\" data-element_type=\"section\" data-e-type=\"section\" data-settings=\"{&quot;background_background&quot;:&quot;classic&quot;,&quot;shape_divider_top&quot;:&quot;waves&quot;}\">\n\t\t\t\t\t<div class=\"elementor-shape elementor-shape-top\" aria-hidden=\"true\" data-negative=\"false\">\n\t\t\t<svg xmlns=\"http:\/\/www.w3.org\/2000\/svg\" viewBox=\"0 0 1000 100\" preserveAspectRatio=\"none\">\n\t<path class=\"elementor-shape-fill\" d=\"M421.9,6.5c22.6-2.5,51.5,0.4,75.5,5.3c23.6,4.9,70.9,23.5,100.5,35.7c75.8,32.2,133.7,44.5,192.6,49.7\n\tc23.6,2.1,48.7,3.5,103.4-2.5c54.7-6,106.2-25.6,106.2-25.6V0H0v30.3c0,0,72,32.6,158.4,30.5c39.2-0.7,92.8-6.7,134-22.4\n\tc21.2-8.1,52.2-18.2,79.7-24.2C399.3,7.9,411.6,7.5,421.9,6.5z\"\/>\n<\/svg>\t\t<\/div>\n\t\t\t\t\t<div class=\"elementor-container elementor-column-gap-default\">\n\t\t\t\t\t<div class=\"elementor-column elementor-col-100 elementor-top-column elementor-element elementor-element-80d8489\" data-id=\"80d8489\" data-element_type=\"column\" data-e-type=\"column\">\n\t\t\t<div class=\"elementor-widget-wrap elementor-element-populated\">\n\t\t\t\t\t\t<div class=\"elementor-element elementor-element-ad9a59a elementor-widget elementor-widget-spacer\" data-id=\"ad9a59a\" data-element_type=\"widget\" data-e-type=\"widget\" data-widget_type=\"spacer.default\">\n\t\t\t\t<div class=\"elementor-widget-container\">\n\t\t\t\t\t\t\t<div class=\"elementor-spacer\">\n\t\t\t<div class=\"elementor-spacer-inner\"><\/div>\n\t\t<\/div>\n\t\t\t\t\t\t<\/div>\n\t\t\t\t<\/div>\n\t\t\t\t<div class=\"elementor-element elementor-element-b2e2d53 elementor-widget elementor-widget-heading\" data-id=\"b2e2d53\" data-element_type=\"widget\" data-e-type=\"widget\" data-widget_type=\"heading.default\">\n\t\t\t\t<div class=\"elementor-widget-container\">\n\t\t\t\t\t<h2 class=\"elementor-heading-title elementor-size-default\">Passeios Tur\u00edsticos<\/h2>\t\t\t\t<\/div>\n\t\t\t\t<\/div>\n\t\t\t\t<div class=\"elementor-element elementor-element-4f800aa elementor-widget elementor-widget-text-editor\" data-id=\"4f800aa\" data-element_type=\"widget\" data-e-type=\"widget\" data-widget_type=\"text-editor.default\">\n\t\t\t\t<div class=\"elementor-widget-container\">\n\t\t\t\t\t\t\t\t\t<p>A Emp\u00f3rio de Turismo Salvador tamb\u00e9m oferece uma s\u00e9rie de passeios para os participantes do SBSC 2024.<\/p><p>Todos eles possuem tour para conhecer v\u00e1rios locais da cidade, para no <strong>m\u00ednimo 10 pessoas<\/strong> por caravana.<\/p>\t\t\t\t\t\t\t\t<\/div>\n\t\t\t\t<\/div>\n\t\t\t\t\t<\/div>\n\t\t<\/div>\n\t\t\t\t\t<\/div>\n\t\t<\/section>\n\t\t\t\t<section class=\"elementor-section elementor-top-section elementor-element elementor-element-1536ee8 elementor-section-boxed elementor-section-height-default elementor-section-height-default\" data-id=\"1536ee8\" data-element_type=\"section\" data-e-type=\"section\" data-settings=\"{&quot;background_background&quot;:&quot;classic&quot;}\">\n\t\t\t\t\t\t<div class=\"elementor-container elementor-column-gap-default\">\n\t\t\t\t\t<div class=\"elementor-column elementor-col-50 elementor-top-column elementor-element elementor-element-e87c74a\" data-id=\"e87c74a\" data-element_type=\"column\" data-e-type=\"column\">\n\t\t\t<div class=\"elementor-widget-wrap elementor-element-populated\">\n\t\t\t\t\t\t<div class=\"elementor-element elementor-element-223d70a elementor-widget elementor-widget-accordion\" data-id=\"223d70a\" data-element_type=\"widget\" data-e-type=\"widget\" data-widget_type=\"accordion.default\">\n\t\t\t\t<div class=\"elementor-widget-container\">\n\t\t\t\t\t\t\t<div class=\"elementor-accordion\">\n\t\t\t\t\t\t\t<div class=\"elementor-accordion-item\">\n\t\t\t\t\t<div id=\"elementor-tab-title-3591\" class=\"elementor-tab-title\" data-tab=\"1\" role=\"button\" aria-controls=\"elementor-tab-content-3591\" aria-expanded=\"false\">\n\t\t\t\t\t\t\t\t\t\t\t\t\t<span class=\"elementor-accordion-icon elementor-accordion-icon-left\" aria-hidden=\"true\">\n\t\t\t\t\t\t\t\t\t\t\t\t\t\t\t<span class=\"elementor-accordion-icon-closed\"><i class=\"fas fa-plus\"><\/i><\/span>\n\t\t\t\t\t\t\t\t<span class=\"elementor-accordion-icon-opened\"><i class=\"fas fa-minus\"><\/i><\/span>\n\t\t\t\t\t\t\t\t\t\t\t\t\t\t<\/span>\n\t\t\t\t\t\t\t\t\t\t\t\t<a class=\"elementor-accordion-title\" tabindex=\"0\">CITY TOUR PANOR\u00c2MICO<\/a>\n\t\t\t\t\t<\/div>\n\t\t\t\t\t<div id=\"elementor-tab-content-3591\" class=\"elementor-tab-content elementor-clearfix\" data-tab=\"1\" role=\"region\" aria-labelledby=\"elementor-tab-title-3591\"><p><img fetchpriority=\"high\" decoding=\"async\" class=\"alignnone size-medium wp-image-514\" src=\"https:\/\/sbsc.sbc.org.br\/2024\/wp-content\/uploads\/2024\/01\/Orixas_do_Dique_do_Tororo-e1705093790321-300x188.jpg\" alt=\"\" width=\"300\" height=\"188\" srcset=\"https:\/\/sbsc.sbc.org.br\/2024\/wp-content\/uploads\/2024\/01\/Orixas_do_Dique_do_Tororo-e1705093790321-300x188.jpg 300w, https:\/\/sbsc.sbc.org.br\/2024\/wp-content\/uploads\/2024\/01\/Orixas_do_Dique_do_Tororo-e1705093790321-1024x641.jpg 1024w, https:\/\/sbsc.sbc.org.br\/2024\/wp-content\/uploads\/2024\/01\/Orixas_do_Dique_do_Tororo-e1705093790321-768x480.jpg 768w, https:\/\/sbsc.sbc.org.br\/2024\/wp-content\/uploads\/2024\/01\/Orixas_do_Dique_do_Tororo-e1705093790321-1536x961.jpg 1536w, https:\/\/sbsc.sbc.org.br\/2024\/wp-content\/uploads\/2024\/01\/Orixas_do_Dique_do_Tororo-e1705093790321.jpg 1725w\" sizes=\"(max-width: 300px) 100vw, 300px\" \/><\/p><p>Destaca-se neste passeio uma visita \u00e0 cidade baixa onde desponta a pen\u00ednsula de Itapagipe com vistas panor\u00e2micas da Avenida de vales, bairro da Ribeira tradicional (por suas manifesta\u00e7\u00f5es folcl\u00f3ricas durante as festas populares da Bahia), Saveiro Clube da Bahia.<\/p><p>Visita \u00e0 famosa Igreja do Senhor do Bomfim. No retorno Forte de Montserrat, praia da Boa Viagem, Elevador Lacerda (tradicional monumento da cidade) e parada para compras no Mercado Modelo, maior centro de artesanato da Bahia. Retorno ao Hotel. Obs: Igreja aberta diariamente, exceto \u00e1s segundas-feiras.<\/p><p><strong>Dura\u00e7\u00e3o:<\/strong> 03 horas<\/p><p><strong>Valor:<\/strong> R$ 110,00 POR PESSOA<\/p><p>\u00a0<\/p><\/div>\n\t\t\t\t<\/div>\n\t\t\t\t\t\t\t<div class=\"elementor-accordion-item\">\n\t\t\t\t\t<div id=\"elementor-tab-title-3592\" class=\"elementor-tab-title\" data-tab=\"2\" role=\"button\" aria-controls=\"elementor-tab-content-3592\" aria-expanded=\"false\">\n\t\t\t\t\t\t\t\t\t\t\t\t\t<span class=\"elementor-accordion-icon elementor-accordion-icon-left\" aria-hidden=\"true\">\n\t\t\t\t\t\t\t\t\t\t\t\t\t\t\t<span class=\"elementor-accordion-icon-closed\"><i class=\"fas fa-plus\"><\/i><\/span>\n\t\t\t\t\t\t\t\t<span class=\"elementor-accordion-icon-opened\"><i class=\"fas fa-minus\"><\/i><\/span>\n\t\t\t\t\t\t\t\t\t\t\t\t\t\t<\/span>\n\t\t\t\t\t\t\t\t\t\t\t\t<a class=\"elementor-accordion-title\" tabindex=\"0\">CITY TOUR HIST\u00d3RICO<\/a>\n\t\t\t\t\t<\/div>\n\t\t\t\t\t<div id=\"elementor-tab-content-3592\" class=\"elementor-tab-content elementor-clearfix\" data-tab=\"2\" role=\"region\" aria-labelledby=\"elementor-tab-title-3592\"><p><img decoding=\"async\" class=\"alignnone size-medium wp-image-516\" src=\"https:\/\/sbsc.sbc.org.br\/2024\/wp-content\/uploads\/2024\/01\/tour-300x209.jpg\" alt=\"\" width=\"300\" height=\"209\" srcset=\"https:\/\/sbsc.sbc.org.br\/2024\/wp-content\/uploads\/2024\/01\/tour-300x209.jpg 300w, https:\/\/sbsc.sbc.org.br\/2024\/wp-content\/uploads\/2024\/01\/tour-768x536.jpg 768w, https:\/\/sbsc.sbc.org.br\/2024\/wp-content\/uploads\/2024\/01\/tour.jpg 913w\" sizes=\"(max-width: 300px) 100vw, 300px\" \/><\/p><p>Nosso roteiro inicia no Forte de Santo Ant\u00f4nio da Barra (Farol da Barra), seguindo pela cidade alta, atrav\u00e9s do corredor da Vit\u00f3ria, pra\u00e7a 2 de Julho, Teatro Castro Alves, Forte de S\u00e3o Pedro, pra\u00e7a da Piedade, pra\u00e7a Castro Alves, mas o grande destaque \u00e8 para o conjunto do Pelourinho, considerado pela UNESCO o mais importante conjunto de arquitetura colonial dos s\u00e9culos XVII e XVIII, onde seguiremos o passeio \u00e0 p\u00e9. Visita \u00e0 Igreja de S\u00e3o Francisco de Assis (toda coberta de Ouro em seu interior), e o largo do Pelourinho (pra\u00e7a onde eram castigados os escravos) e a Funda\u00e7\u00e3o Jorge Amado. Tempo livre para compras. Retorno para o Hotel. Obs: As Igrejas s\u00e3o fechadas aos Domingos e feriados \u00e0 tarde.\u00a0\u00a0\u00a0<\/p><p>Dura\u00e7\u00e3o: 04 horas<\/p><p>Valor: R$ 110,00 POR PESSOA<\/p><\/div>\n\t\t\t\t<\/div>\n\t\t\t\t\t\t\t<div class=\"elementor-accordion-item\">\n\t\t\t\t\t<div id=\"elementor-tab-title-3593\" class=\"elementor-tab-title\" data-tab=\"3\" role=\"button\" aria-controls=\"elementor-tab-content-3593\" aria-expanded=\"false\">\n\t\t\t\t\t\t\t\t\t\t\t\t\t<span class=\"elementor-accordion-icon elementor-accordion-icon-left\" aria-hidden=\"true\">\n\t\t\t\t\t\t\t\t\t\t\t\t\t\t\t<span class=\"elementor-accordion-icon-closed\"><i class=\"fas fa-plus\"><\/i><\/span>\n\t\t\t\t\t\t\t\t<span class=\"elementor-accordion-icon-opened\"><i class=\"fas fa-minus\"><\/i><\/span>\n\t\t\t\t\t\t\t\t\t\t\t\t\t\t<\/span>\n\t\t\t\t\t\t\t\t\t\t\t\t<a class=\"elementor-accordion-title\" tabindex=\"0\">PRAIA DO FORTE<\/a>\n\t\t\t\t\t<\/div>\n\t\t\t\t\t<div id=\"elementor-tab-content-3593\" class=\"elementor-tab-content elementor-clearfix\" data-tab=\"3\" role=\"region\" aria-labelledby=\"elementor-tab-title-3593\"><p><img loading=\"lazy\" decoding=\"async\" class=\"alignnone size-medium wp-image-520\" src=\"https:\/\/sbsc.sbc.org.br\/2024\/wp-content\/uploads\/2024\/01\/tamar-300x199.jpg\" alt=\"\" width=\"300\" height=\"199\" srcset=\"https:\/\/sbsc.sbc.org.br\/2024\/wp-content\/uploads\/2024\/01\/tamar-300x199.jpg 300w, https:\/\/sbsc.sbc.org.br\/2024\/wp-content\/uploads\/2024\/01\/tamar.jpg 688w\" sizes=\"(max-width: 300px) 100vw, 300px\" \/><\/p><p>Percorreremos as praias da orla mar\u00edtima at\u00e9 Itapo\u00e3 seguindo pela Estrada do C\u00f4co at\u00e9 Praia do Forte. Visitaremos a vila de Praia do Forte, tempo livre para desfrutar das lojas e barzinhos da regi\u00e3o, visita ao Projeto Tamar (ONG que cuida da preserva\u00e7\u00e3o de v\u00e1rias esp\u00e9cies de tartarugas marinhas) Em seguida seguiremos \u00e0 praia de Guarajuba. Parada para banho de mar e almo\u00e7o em restaurante de praia e retorno para Salvador.<\/p><p><strong>Aten\u00e7\u00e3o:<\/strong> Ingresso ao Projeto Tamar n\u00e3o inclu\u00eddo.<\/p><p><strong>Dura\u00e7\u00e3o:<\/strong> Das 9h \u00e0s 17h SEM ALMO\u00c7O<\/p><p><strong>Valor:<\/strong> R$ 180,00 POR PESSOA<\/p><\/div>\n\t\t\t\t<\/div>\n\t\t\t\t\t\t\t\t<\/div>\n\t\t\t\t\t\t<\/div>\n\t\t\t\t<\/div>\n\t\t\t\t\t<\/div>\n\t\t<\/div>\n\t\t\t\t<div class=\"elementor-column elementor-col-50 elementor-top-column elementor-element elementor-element-f0a6ac5\" data-id=\"f0a6ac5\" data-element_type=\"column\" data-e-type=\"column\">\n\t\t\t<div class=\"elementor-widget-wrap elementor-element-populated\">\n\t\t\t\t\t\t<div class=\"elementor-element elementor-element-8089db4 elementor-widget elementor-widget-accordion\" data-id=\"8089db4\" data-element_type=\"widget\" data-e-type=\"widget\" data-widget_type=\"accordion.default\">\n\t\t\t\t<div class=\"elementor-widget-container\">\n\t\t\t\t\t\t\t<div class=\"elementor-accordion\">\n\t\t\t\t\t\t\t<div class=\"elementor-accordion-item\">\n\t\t\t\t\t<div id=\"elementor-tab-title-1341\" class=\"elementor-tab-title\" data-tab=\"1\" role=\"button\" aria-controls=\"elementor-tab-content-1341\" aria-expanded=\"false\">\n\t\t\t\t\t\t\t\t\t\t\t\t\t<span class=\"elementor-accordion-icon elementor-accordion-icon-left\" aria-hidden=\"true\">\n\t\t\t\t\t\t\t\t\t\t\t\t\t\t\t<span class=\"elementor-accordion-icon-closed\"><i class=\"fas fa-plus\"><\/i><\/span>\n\t\t\t\t\t\t\t\t<span class=\"elementor-accordion-icon-opened\"><i class=\"fas fa-minus\"><\/i><\/span>\n\t\t\t\t\t\t\t\t\t\t\t\t\t\t<\/span>\n\t\t\t\t\t\t\t\t\t\t\t\t<a class=\"elementor-accordion-title\" tabindex=\"0\">BAHIA A NOITE - JANTAR E SHOW<\/a>\n\t\t\t\t\t<\/div>\n\t\t\t\t\t<div id=\"elementor-tab-content-1341\" class=\"elementor-tab-content elementor-clearfix\" data-tab=\"1\" role=\"region\" aria-labelledby=\"elementor-tab-title-1341\"><p><img loading=\"lazy\" decoding=\"async\" class=\"alignnone size-medium wp-image-525\" src=\"https:\/\/sbsc.sbc.org.br\/2024\/wp-content\/uploads\/2024\/01\/bhia-300x220.jpg\" alt=\"\" width=\"300\" height=\"220\" srcset=\"https:\/\/sbsc.sbc.org.br\/2024\/wp-content\/uploads\/2024\/01\/bhia-300x220.jpg 300w, https:\/\/sbsc.sbc.org.br\/2024\/wp-content\/uploads\/2024\/01\/bhia.jpg 712w\" sizes=\"(max-width: 300px) 100vw, 300px\" \/><\/p><p>Noite de magia, mist\u00e9rio e alegria no autentico show folcl\u00f3rico, onde ser\u00e3o apresentadas as principais manifesta\u00e7\u00f5es da nossa cultura: Candombl\u00e9, Maculel\u00ea, Puxada de rede, Danca de caboclo, Samba de roda, e um bel\u00edssimo show de Capoeira. Nesta excurs\u00e3o est\u00e3o inclu\u00eddos o show, traslados de ida e volta, guia acompanhante, e jantar t\u00edpico ou internacional. Obs: Diariamente, exceto Domingos e Ter\u00e7as- feiras.<\/p><p><strong>Dura\u00e7\u00e3o:<\/strong> 19h \u00e0s 22h<\/p><p><strong>Valor:<\/strong> R$ 350,00 POR PESSOA<\/p><\/div>\n\t\t\t\t<\/div>\n\t\t\t\t\t\t\t<div class=\"elementor-accordion-item\">\n\t\t\t\t\t<div id=\"elementor-tab-title-1342\" class=\"elementor-tab-title\" data-tab=\"2\" role=\"button\" aria-controls=\"elementor-tab-content-1342\" aria-expanded=\"false\">\n\t\t\t\t\t\t\t\t\t\t\t\t\t<span class=\"elementor-accordion-icon elementor-accordion-icon-left\" aria-hidden=\"true\">\n\t\t\t\t\t\t\t\t\t\t\t\t\t\t\t<span class=\"elementor-accordion-icon-closed\"><i class=\"fas fa-plus\"><\/i><\/span>\n\t\t\t\t\t\t\t\t<span class=\"elementor-accordion-icon-opened\"><i class=\"fas fa-minus\"><\/i><\/span>\n\t\t\t\t\t\t\t\t\t\t\t\t\t\t<\/span>\n\t\t\t\t\t\t\t\t\t\t\t\t<a class=\"elementor-accordion-title\" tabindex=\"0\">DIA INTEIRO A MORRO DE S\u00c3O PAULO<\/a>\n\t\t\t\t\t<\/div>\n\t\t\t\t\t<div id=\"elementor-tab-content-1342\" class=\"elementor-tab-content elementor-clearfix\" data-tab=\"2\" role=\"region\" aria-labelledby=\"elementor-tab-title-1342\"><p><img loading=\"lazy\" decoding=\"async\" class=\"alignnone size-medium wp-image-527\" src=\"https:\/\/sbsc.sbc.org.br\/2024\/wp-content\/uploads\/2024\/01\/morro-300x182.jpg\" alt=\"\" width=\"300\" height=\"182\" srcset=\"https:\/\/sbsc.sbc.org.br\/2024\/wp-content\/uploads\/2024\/01\/morro-300x182.jpg 300w, https:\/\/sbsc.sbc.org.br\/2024\/wp-content\/uploads\/2024\/01\/morro.jpg 650w\" sizes=\"(max-width: 300px) 100vw, 300px\" \/><\/p><p>Sa\u00edda do hotel at\u00e9 o cais para embarque em lancha at\u00e9 Bom Despacho. Travessia de aproximadamente 50 minutos. Continuamos viagem em Van ou micro \u00f4nibus pela estrada at\u00e9 chegar \u00e0 Valenca ( I hora 30 minutos), onde novamente embarcaremos em lancha r\u00e1pida at\u00e9 Morro de S\u00e3o Paulo (30 minutos).<\/p><p>Tempo livre para desfrutar das praias. Almo\u00e7o opcional.<\/p><p>Sa\u00edda de volta de Morro \u00e0s 15h.<\/p><p><strong>Aten\u00e7\u00e3o:<\/strong> Taxa Ecol\u00f3gica obrigat\u00f3ria em Morro de S\u00e3o Paulo n\u00e3o inclu\u00edda.<\/p><p><strong>Dura\u00e7\u00e3o:<\/strong> Das 10h SEM ALMO\u00c7O<\/p><p><strong>Valor:<\/strong> R$ 360,00 POR PESSOA<\/p><\/div>\n\t\t\t\t<\/div>\n\t\t\t\t\t\t\t<div class=\"elementor-accordion-item\">\n\t\t\t\t\t<div id=\"elementor-tab-title-1343\" class=\"elementor-tab-title\" data-tab=\"3\" role=\"button\" aria-controls=\"elementor-tab-content-1343\" aria-expanded=\"false\">\n\t\t\t\t\t\t\t\t\t\t\t\t\t<span class=\"elementor-accordion-icon elementor-accordion-icon-left\" aria-hidden=\"true\">\n\t\t\t\t\t\t\t\t\t\t\t\t\t\t\t<span class=\"elementor-accordion-icon-closed\"><i class=\"fas fa-plus\"><\/i><\/span>\n\t\t\t\t\t\t\t\t<span class=\"elementor-accordion-icon-opened\"><i class=\"fas fa-minus\"><\/i><\/span>\n\t\t\t\t\t\t\t\t\t\t\t\t\t\t<\/span>\n\t\t\t\t\t\t\t\t\t\t\t\t<a class=\"elementor-accordion-title\" tabindex=\"0\">PASSEIO \u00c0S ILHAS - FRADES e ITAPARICA <\/a>\n\t\t\t\t\t<\/div>\n\t\t\t\t\t<div id=\"elementor-tab-content-1343\" class=\"elementor-tab-content elementor-clearfix\" data-tab=\"3\" role=\"region\" aria-labelledby=\"elementor-tab-title-1343\"><p><img loading=\"lazy\" decoding=\"async\" class=\"alignnone size-medium wp-image-524\" src=\"https:\/\/sbsc.sbc.org.br\/2024\/wp-content\/uploads\/2024\/01\/frades-300x202.jpg\" alt=\"\" width=\"300\" height=\"202\" srcset=\"https:\/\/sbsc.sbc.org.br\/2024\/wp-content\/uploads\/2024\/01\/frades-300x202.jpg 300w, https:\/\/sbsc.sbc.org.br\/2024\/wp-content\/uploads\/2024\/01\/frades.jpg 657w\" sizes=\"(max-width: 300px) 100vw, 300px\" \/><\/p><p>Traslado do Hotel ao cais para embarque em escuna equipada com servi\u00e7o de som, bar e guia acompanhante. Todo o passeio ser\u00e1 realizado dentro da Bahia de Todos os Santos com vista parcial da cidade alta, Elevador Lacerda, Pal\u00e1cio do Governo, Forte de S\u00e3o Marcelo. Primeira parada para banho de mar na Ilha dos Frades, considerada como a mais linda da Bahia, de \u00e1guas cristalinas. Depois continuaremos para Ilha de Itaparica, com parada na praia de Ponta de Areia para almo\u00e7o (Buffet de saladas variadas, carnes, peixes, marisco e frango).com tempo livre retornando a Salvador \u00e0s 17h30.<\/p><p><strong>Aten\u00e7\u00e3o:<\/strong> No desembarque da Ilha dos Frades, taxa ecol\u00f3gica obrigat\u00f3ria de R$ 30,00 por pessoa &#8211; n\u00e3o inclu\u00edda no passeio. Almo\u00e7o Opcional.<\/p><p><strong>Dura\u00e7\u00e3o:<\/strong> 08h \u00e1s 17h SEM ALMO\u00c7O<\/p><p><strong>Valor:<\/strong> R$ 200,00 POR PESSOA<\/p><\/div>\n\t\t\t\t<\/div>\n\t\t\t\t\t\t\t\t<\/div>\n\t\t\t\t\t\t<\/div>\n\t\t\t\t<\/div>\n\t\t\t\t\t<\/div>\n\t\t<\/div>\n\t\t\t\t\t<\/div>\n\t\t<\/section>\n\t\t\t\t<section class=\"elementor-section elementor-top-section elementor-element elementor-element-081a7fc elementor-section-boxed elementor-section-height-default elementor-section-height-default\" data-id=\"081a7fc\" data-element_type=\"section\" data-e-type=\"section\" data-settings=\"{&quot;background_background&quot;:&quot;classic&quot;}\">\n\t\t\t\t\t\t<div class=\"elementor-container elementor-column-gap-default\">\n\t\t\t\t\t<div class=\"elementor-column elementor-col-100 elementor-top-column elementor-element elementor-element-b776445\" data-id=\"b776445\" data-element_type=\"column\" data-e-type=\"column\">\n\t\t\t<div class=\"elementor-widget-wrap elementor-element-populated\">\n\t\t\t\t\t\t<div class=\"elementor-element elementor-element-a17fa9a elementor-widget elementor-widget-spacer\" data-id=\"a17fa9a\" data-element_type=\"widget\" data-e-type=\"widget\" data-widget_type=\"spacer.default\">\n\t\t\t\t<div class=\"elementor-widget-container\">\n\t\t\t\t\t\t\t<div class=\"elementor-spacer\">\n\t\t\t<div class=\"elementor-spacer-inner\"><\/div>\n\t\t<\/div>\n\t\t\t\t\t\t<\/div>\n\t\t\t\t<\/div>\n\t\t\t\t<div class=\"elementor-element elementor-element-27cc6f7 elementor-align-center elementor-widget elementor-widget-button\" data-id=\"27cc6f7\" data-element_type=\"widget\" data-e-type=\"widget\" data-widget_type=\"button.default\">\n\t\t\t\t<div class=\"elementor-widget-container\">\n\t\t\t\t\t\t\t\t\t<div class=\"elementor-button-wrapper\">\n\t\t\t\t\t<a class=\"elementor-button elementor-button-link elementor-size-sm elementor-animation-grow\" href=\"https:\/\/api.whatsapp.com\/send\/?phone=557196012957&#038;text=Ol%C3%A1%21+Gostaria+de+me+informar+sobre+hoteis+para+o+evento+SBSC+2024+em+Salvador&#038;app_absent=0\">\n\t\t\t\t\t\t<span class=\"elementor-button-content-wrapper\">\n\t\t\t\t\t\t<span class=\"elementor-button-icon\">\n\t\t\t\t<i aria-hidden=\"true\" class=\"fab fa-whatsapp\"><\/i>\t\t\t<\/span>\n\t\t\t\t\t\t\t\t\t<span class=\"elementor-button-text\">Contato da Emp\u00f3rio de Turismo<\/span>\n\t\t\t\t\t<\/span>\n\t\t\t\t\t<\/a>\n\t\t\t\t<\/div>\n\t\t\t\t\t\t\t\t<\/div>\n\t\t\t\t<\/div>\n\t\t\t\t<div class=\"elementor-element elementor-element-8ec913e elementor-widget elementor-widget-spacer\" data-id=\"8ec913e\" data-element_type=\"widget\" data-e-type=\"widget\" data-widget_type=\"spacer.default\">\n\t\t\t\t<div class=\"elementor-widget-container\">\n\t\t\t\t\t\t\t<div class=\"elementor-spacer\">\n\t\t\t<div class=\"elementor-spacer-inner\"><\/div>\n\t\t<\/div>\n\t\t\t\t\t\t<\/div>\n\t\t\t\t<\/div>\n\t\t\t\t\t<\/div>\n\t\t<\/div>\n\t\t\t\t\t<\/div>\n\t\t<\/section>\n\t\t\t\t<section class=\"elementor-section elementor-top-section elementor-element elementor-element-ce5a36b elementor-section-boxed elementor-section-height-default elementor-section-height-default\" data-id=\"ce5a36b\" data-element_type=\"section\" data-e-type=\"section\">\n\t\t\t\t\t\t<div class=\"elementor-container elementor-column-gap-default\">\n\t\t\t\t\t<div class=\"elementor-column elementor-col-100 elementor-top-column elementor-element elementor-element-6fbdf80\" data-id=\"6fbdf80\" data-element_type=\"column\" data-e-type=\"column\">\n\t\t\t<div class=\"elementor-widget-wrap elementor-element-populated\">\n\t\t\t\t\t\t<div class=\"elementor-element elementor-element-c15e493 elementor-widget elementor-widget-spacer\" data-id=\"c15e493\" data-element_type=\"widget\" data-e-type=\"widget\" data-widget_type=\"spacer.default\">\n\t\t\t\t<div class=\"elementor-widget-container\">\n\t\t\t\t\t\t\t<div class=\"elementor-spacer\">\n\t\t\t<div class=\"elementor-spacer-inner\"><\/div>\n\t\t<\/div>\n\t\t\t\t\t\t<\/div>\n\t\t\t\t<\/div>\n\t\t\t\t\t<\/div>\n\t\t<\/div>\n\t\t\t\t\t<\/div>\n\t\t<\/section>\n\t\t\t\t<\/div>\n\t\t","protected":false},"excerpt":{"rendered":"<p>Local Mercure Salvador Rio Vermelho Rua Fonte do Boi 215, Rio Vermelho &#8211; Salvador, Bahia Hospedagem Por ser uma cidade tur\u00edstica, Salvador possui uma ampla rede de hot\u00e9is para acolher seus visitantes. Al\u00e9m do hotel do evento, temos outras op\u00e7\u00f5es que ficam pr\u00f3ximas ao local, e que est\u00e3o reservadas e com condi\u00e7\u00f5es especiais para participantes [&hellip;]<\/p>\n","protected":false},"author":3,"featured_media":0,"parent":0,"menu_order":0,"comment_status":"closed","ping_status":"closed","template":"","meta":{"om_disable_all_campaigns":false,"_monsterinsights_skip_tracking":false,"_monsterinsights_sitenote_active":false,"_monsterinsights_sitenote_note":"","_monsterinsights_sitenote_category":0,"_uf_show_specific_survey":0,"_uf_disable_surveys":false,"footnotes":""},"class_list":["post-44","page","type-page","status-publish","hentry"],"aioseo_notices":[],"_links":{"self":[{"href":"https:\/\/sbsc.sbc.org.br\/2024\/wp-json\/wp\/v2\/pages\/44","targetHints":{"allow":["GET"]}}],"collection":[{"href":"https:\/\/sbsc.sbc.org.br\/2024\/wp-json\/wp\/v2\/pages"}],"about":[{"href":"https:\/\/sbsc.sbc.org.br\/2024\/wp-json\/wp\/v2\/types\/page"}],"author":[{"embeddable":true,"href":"https:\/\/sbsc.sbc.org.br\/2024\/wp-json\/wp\/v2\/users\/3"}],"replies":[{"embeddable":true,"href":"https:\/\/sbsc.sbc.org.br\/2024\/wp-json\/wp\/v2\/comments?post=44"}],"version-history":[{"count":78,"href":"https:\/\/sbsc.sbc.org.br\/2024\/wp-json\/wp\/v2\/pages\/44\/revisions"}],"predecessor-version":[{"id":1129,"href":"https:\/\/sbsc.sbc.org.br\/2024\/wp-json\/wp\/v2\/pages\/44\/revisions\/1129"}],"wp:attachment":[{"href":"https:\/\/sbsc.sbc.org.br\/2024\/wp-json\/wp\/v2\/media?parent=44"}],"curies":[{"name":"wp","href":"https:\/\/api.w.org\/{rel}","templated":true}]}}